{"id":132644,"date":"2022-11-04T11:12:02","date_gmt":"2022-11-04T10:12:02","guid":{"rendered":"https:\/\/scanlux-packaging.com\/se\/reqsuccess\/"},"modified":"2026-02-11T10:15:57","modified_gmt":"2026-02-11T09:15:57","slug":"enquirysuccess","status":"publish","type":"page","link":"https:\/\/scanlux-packaging.com\/se\/enquirysuccess\/","title":{"rendered":"Tak for din henvendelse | Vi vender tilbage"},"content":{"rendered":"\t\t<div data-elementor-type=\"wp-page\" data-elementor-id=\"132644\" class=\"elementor elementor-132644\" data-elementor-post-type=\"page\">\n\t\t\t\t\t\t<section class=\"elementor-section elementor-top-section elementor-element elementor-element-351082fc elementor-section-boxed elementor-section-height-default elementor-section-height-default\" data-id=\"351082fc\" data-element_type=\"section\" data-e-type=\"section\">\n\t\t\t\t\t\t<div class=\"elementor-container elementor-column-gap-default\">\n\t\t\t\t\t<div class=\"elementor-column elementor-col-50 elementor-top-column elementor-element elementor-element-24d84586\" data-id=\"24d84586\" data-element_type=\"column\" data-e-type=\"column\">\n\t\t\t<div class=\"elementor-widget-wrap elementor-element-populated\">\n\t\t\t\t\t\t<div class=\"elementor-element elementor-element-4b4159d5 elementor-widget elementor-widget-image\" data-id=\"4b4159d5\" data-element_type=\"widget\" data-e-type=\"widget\" data-widget_type=\"image.default\">\n\t\t\t\t<div class=\"elementor-widget-container\">\n\t\t\t\t\t\t\t\t\t\t\t\t\t\t\t<img decoding=\"async\" src=\"https:\/\/scanlux-packaging.com\/dk\/wp-content\/uploads\/sites\/2\/2022\/08\/Module-2-Interactive_Pic-nr-2.jpg\" title=\"\" alt=\"\" loading=\"lazy\" \/>\t\t\t\t\t\t\t\t\t\t\t\t\t\t\t<\/div>\n\t\t\t\t<\/div>\n\t\t\t\t\t<\/div>\n\t\t<\/div>\n\t\t\t\t<div class=\"elementor-column elementor-col-50 elementor-top-column elementor-element elementor-element-7cdfacd2\" data-id=\"7cdfacd2\" data-element_type=\"column\" data-e-type=\"column\">\n\t\t\t<div class=\"elementor-widget-wrap elementor-element-populated\">\n\t\t\t\t\t\t<div class=\"elementor-element elementor-element-57f438ca elementor-widget elementor-widget-heading\" data-id=\"57f438ca\" data-element_type=\"widget\" data-e-type=\"widget\" data-widget_type=\"heading.default\">\n\t\t\t\t<div class=\"elementor-widget-container\">\n\t\t\t\t\t<h1 class=\"elementor-heading-title elementor-size-default\">Tak for din henvendelse<\/h1>\t\t\t\t<\/div>\n\t\t\t\t<\/div>\n\t\t\t\t<div class=\"elementor-element elementor-element-34687fa3 elementor-widget elementor-widget-text-editor\" data-id=\"34687fa3\" data-element_type=\"widget\" data-e-type=\"widget\" data-widget_type=\"text-editor.default\">\n\t\t\t\t<div class=\"elementor-widget-container\">\n\t\t\t\t\t\t\t\t\t<p>Vi har modtaget din henvendelse og vender tilbage hurtigst muligt.<\/p>\t\t\t\t\t\t\t\t<\/div>\n\t\t\t\t<\/div>\n\t\t\t\t\t<\/div>\n\t\t<\/div>\n\t\t\t\t\t<\/div>\n\t\t<\/section>\n\t\t\t\t<section class=\"elementor-section elementor-top-section elementor-element elementor-element-305a62f3 elementor-section-boxed elementor-section-height-default elementor-section-height-default\" data-id=\"305a62f3\" data-element_type=\"section\" data-e-type=\"section\" data-settings=\"{&quot;background_background&quot;:&quot;classic&quot;}\">\n\t\t\t\t\t\t<div class=\"elementor-container elementor-column-gap-default\">\n\t\t\t\t\t<div class=\"elementor-column elementor-col-100 elementor-top-column elementor-element elementor-element-14d2e9a1\" data-id=\"14d2e9a1\" data-element_type=\"column\" data-e-type=\"column\">\n\t\t\t<div class=\"elementor-widget-wrap elementor-element-populated\">\n\t\t\t\t\t\t<div class=\"elementor-element elementor-element-4bd949f2 elementor-widget elementor-widget-archive\" data-id=\"4bd949f2\" data-element_type=\"widget\" data-e-type=\"widget\" data-widget_type=\"archive.default\">\n\t\t\t\t<div class=\"elementor-widget-container\">\n\t\t\t\t\t        <div class=\"archive-container\">\r\n                    <div class=\"archive-title-wrapper\">\r\n                <h2 class=\"archive-title\">L\u00e6s mere i vores artikelarkiv<\/h2>\r\n            <\/div>\r\n                                            <div class=\"archive-filter-wrapper\" at-start>\r\n                            <div id=\"left-arrow\">\r\n                                <a href=\"javascript:void(0);\" class=\"left-arrow-btn\">\r\n                                    <img decoding=\"async\" src=\"https:\/\/scanlux-packaging.com\/se\/wp-content\/themes\/elementor-scanlux\/assets\/widgets\/images\/arrow_right.svg\">\r\n                                <\/a>\r\n                            <\/div>\r\n                            <div class=\"archive-filters\" style=\"touch-action: pan-y;\">\r\n                                <div class=\"scroll-container\">\r\n                                <button data-banner='1' class='btn-scanlux archive-filter-btn active' data-type='post' data-taxonomy='category' data-slug='all'>All categories<\/button>                                <\/div>\r\n                            <\/div>\r\n                            <div id=\"right-arrow\">\r\n                                <a href=\"javascript:void(0);\" class=\"right-arrow-btn\">\r\n                                    <img decoding=\"async\" src=\"https:\/\/scanlux-packaging.com\/se\/wp-content\/themes\/elementor-scanlux\/assets\/widgets\/images\/arrow_right.svg\">\r\n                                <\/a>\r\n                            <\/div>\r\n                        <\/div>\r\n                                <div class=\"archive-content-wrapper solid\">\r\n            <div class=\"archive-content\">\r\n                                    <div class=\"archive-row row g-0\">\r\n                                     <div class=\"archive-ad col-12 col-md-12 col-lg-3\">\r\n                                        <div class=\"archive-post-col col-12\">\r\n                                            \r\n                                        <\/div>\r\n                                    <\/div>\r\n                                        <div class=\"archive-posts col-12 col-md-12 col-lg-9\">\r\n                                            <div class=\"archive-post-row row g-0\">\r\n                            <div class=\"archive-post-col col-12 col-md-4 col-lg-4\">\r\n                                <div class=\"archive-post-container\">\r\n                                    <div class=\"archive-post-image-wrapper\"><a href=\"https:\/\/scanlux-packaging.com\/se\/ekodesign-och-emballage-vi-haller-dig-uppdaterad\/\"><img fetchpriority=\"high\" decoding=\"async\" width=\"505\" height=\"627\" src=\"https:\/\/scanlux-packaging.com\/se\/wp-content\/uploads\/sites\/5\/2025\/01\/Genbrugs-pose-feat-img.jpg\" class=\"attachment-large size-large wp-post-image\" alt=\"\u00e5teranv\u00e4ndbar v\u00e4ska\" \/><a><\/div>\r\n                                    <div class=\"archive-post-content-wrapper\">\r\n                                        <div class=\"archive-post-title\">Ekodesign och emballage - Vi h\u00e5ller dig uppdaterad<\/div>\r\n                                        <a href=\"https:\/\/scanlux-packaging.com\/se\/ekodesign-och-emballage-vi-haller-dig-uppdaterad\/\" class=\"btn-scanlux-flat right-arrow\"><span>L\u00e4s mer<\/span><\/a>\r\n                                    <\/div>\r\n                                <\/div>\r\n                            <\/div>\r\n                            <div class=\"archive-post-col col-12 col-md-4 col-lg-4\">\r\n                                <div class=\"archive-post-container\">\r\n                                    <div class=\"archive-post-image-wrapper\"><a href=\"https:\/\/scanlux-packaging.com\/se\/emballagetrender-2025\/\"><img decoding=\"async\" width=\"505\" height=\"627\" src=\"https:\/\/scanlux-packaging.com\/se\/wp-content\/uploads\/sites\/5\/2024\/11\/Emballagetrends-2025-featured-image-505x627px.jpg\" class=\"attachment-large size-large wp-post-image\" alt=\"Scanlux Packaging Emballagetrender 2025 - closeup\" \/><a><\/div>\r\n                                    <div class=\"archive-post-content-wrapper\">\r\n                                        <div class=\"archive-post-title\">Emballagetrender 2025<\/div>\r\n                                        <a href=\"https:\/\/scanlux-packaging.com\/se\/emballagetrender-2025\/\" class=\"btn-scanlux-flat right-arrow\"><span>L\u00e4s mer<\/span><\/a>\r\n                                    <\/div>\r\n                                <\/div>\r\n                            <\/div>\r\n                            <div class=\"archive-post-col col-12 col-md-4 col-lg-4\">\r\n                                <div class=\"archive-post-container\">\r\n                                    <div class=\"archive-post-image-wrapper\"><a href=\"https:\/\/scanlux-packaging.com\/se\/esg-pa-scanlux-packaging\/\"><img decoding=\"async\" width=\"505\" height=\"649\" src=\"https:\/\/scanlux-packaging.com\/se\/wp-content\/uploads\/sites\/5\/2024\/03\/Xenia-foran-Scanlux.jpg\" class=\"attachment-large size-large wp-post-image\" alt=\"ESG manager in front of Scanlux Packaging headquarters\" \/><a><\/div>\r\n                                    <div class=\"archive-post-content-wrapper\">\r\n                                        <div class=\"archive-post-title\">ESG p\u00e5 Scanlux Packaging<\/div>\r\n                                        <a href=\"https:\/\/scanlux-packaging.com\/se\/esg-pa-scanlux-packaging\/\" class=\"btn-scanlux-flat right-arrow\"><span>L\u00e4s mer<\/span><\/a>\r\n                                    <\/div>\r\n                                <\/div>\r\n                            <\/div>\r\n                            <div class=\"archive-post-col col-12 col-md-4 col-lg-4\">\r\n                                <div class=\"archive-post-container\">\r\n                                    <div class=\"archive-post-image-wrapper\"><a href=\"https:\/\/scanlux-packaging.com\/se\/e-handelsemballage-for-smycken\/\"><img loading=\"lazy\" decoding=\"async\" width=\"505\" height=\"627\" src=\"https:\/\/scanlux-packaging.com\/se\/wp-content\/uploads\/sites\/5\/2023\/09\/KARAAT-rund-box-i-aflang-box-505x627-1.jpg\" class=\"attachment-large size-large wp-post-image\" alt=\"Karaat rund smyckesask\" \/><a><\/div>\r\n                                    <div class=\"archive-post-content-wrapper\">\r\n                                        <div class=\"archive-post-title\">E-handelsemballage f\u00f6r smycken<\/div>\r\n                                        <a href=\"https:\/\/scanlux-packaging.com\/se\/e-handelsemballage-for-smycken\/\" class=\"btn-scanlux-flat right-arrow\"><span>L\u00e4s mer<\/span><\/a>\r\n                                    <\/div>\r\n                                <\/div>\r\n                            <\/div>\r\n                            <div class=\"archive-post-col col-12 col-md-4 col-lg-4\">\r\n                                <div class=\"archive-post-container\">\r\n                                    <div class=\"archive-post-image-wrapper\"><a href=\"https:\/\/scanlux-packaging.com\/se\/flaph-haftigt-emballage-till-kompromisslost-mode\/\"><img loading=\"lazy\" decoding=\"async\" width=\"505\" height=\"627\" src=\"https:\/\/scanlux-packaging.com\/se\/wp-content\/uploads\/sites\/5\/2023\/04\/featured-image-FLAPH.jpg\" class=\"attachment-large size-large wp-post-image\" alt=\"Flaph fraktp\u00e5se och dye t-shirt\" srcset=\"https:\/\/scanlux-packaging.com\/se\/wp-content\/uploads\/sites\/5\/2023\/04\/featured-image-FLAPH.jpg 505w, https:\/\/scanlux-packaging.com\/se\/wp-content\/uploads\/sites\/5\/2023\/04\/featured-image-FLAPH-242x300.jpg 242w, https:\/\/scanlux-packaging.com\/se\/wp-content\/uploads\/sites\/5\/2023\/04\/featured-image-FLAPH-103x128.jpg 103w, https:\/\/scanlux-packaging.com\/se\/wp-content\/uploads\/sites\/5\/2023\/04\/featured-image-FLAPH-500x621.jpg 500w\" sizes=\"(max-width: 505px) 100vw, 505px\" \/><a><\/div>\r\n                                    <div class=\"archive-post-content-wrapper\">\r\n                                        <div class=\"archive-post-title\">Flaph \u2013 h\u00e4ftigt emballage till kompromissl\u00f6st mode<\/div>\r\n                                        <a href=\"https:\/\/scanlux-packaging.com\/se\/flaph-haftigt-emballage-till-kompromisslost-mode\/\" class=\"btn-scanlux-flat right-arrow\"><span>L\u00e4s mer<\/span><\/a>\r\n                                    <\/div>\r\n                                <\/div>\r\n                            <\/div>\r\n                            <div class=\"archive-post-col col-12 col-md-4 col-lg-4\">\r\n                                <div class=\"archive-post-container\">\r\n                                    <div class=\"archive-post-image-wrapper\"><a href=\"https:\/\/scanlux-packaging.com\/se\/hoyer-befriades-fran-emballageansvaret\/\"><img loading=\"lazy\" decoding=\"async\" width=\"505\" height=\"627\" src=\"https:\/\/scanlux-packaging.com\/se\/wp-content\/uploads\/sites\/5\/2022\/08\/Hoyer_Lux-paperbag-closeup-505x627-1.jpg\" class=\"attachment-large size-large wp-post-image\" alt=\"H\u00f8yer Lyxig pappersp\u00e5se\" \/><a><\/div>\r\n                                    <div class=\"archive-post-content-wrapper\">\r\n                                        <div class=\"archive-post-title\">H\u00f8yer befriades fr\u00e5n emballageansvaret<\/div>\r\n                                        <a href=\"https:\/\/scanlux-packaging.com\/se\/hoyer-befriades-fran-emballageansvaret\/\" class=\"btn-scanlux-flat right-arrow\"><span>L\u00e4s mer<\/span><\/a>\r\n                                    <\/div>\r\n                                <\/div>\r\n                            <\/div><\/div><\/div><\/div>\r\n                                    <div class=\"archive-row reverse row g-0\">\r\n                                     <div class=\"archive-ad col-12 col-md-12 col-lg-3\">\r\n                                        <div class=\"archive-post-col col-12\">\r\n                                            \r\n                                        <\/div>\r\n                                    <\/div>\r\n                                        <div class=\"archive-posts col-12 col-md-12 col-lg-9\">\r\n                                            <div class=\"archive-post-row row g-0\">\r\n                            <div class=\"archive-post-col col-12 col-md-4 col-lg-4\">\r\n                                <div class=\"archive-post-container\">\r\n                                    <div class=\"archive-post-image-wrapper\"><a href=\"https:\/\/scanlux-packaging.com\/se\/e-handelsemballage-vad-fungerar-och-vad-fungerar-inte\/\"><img loading=\"lazy\" decoding=\"async\" width=\"600\" height=\"600\" src=\"https:\/\/scanlux-packaging.com\/se\/wp-content\/uploads\/sites\/5\/2022\/07\/9-virksomheders-webemballage.jpg\" class=\"attachment-large size-large wp-post-image\" alt=\"Webbemballage unders\u00f6kning\" srcset=\"https:\/\/scanlux-packaging.com\/se\/wp-content\/uploads\/sites\/5\/2022\/07\/9-virksomheders-webemballage.jpg 600w, https:\/\/scanlux-packaging.com\/se\/wp-content\/uploads\/sites\/5\/2022\/07\/9-virksomheders-webemballage-300x300.jpg 300w, https:\/\/scanlux-packaging.com\/se\/wp-content\/uploads\/sites\/5\/2022\/07\/9-virksomheders-webemballage-150x150.jpg 150w, https:\/\/scanlux-packaging.com\/se\/wp-content\/uploads\/sites\/5\/2022\/07\/9-virksomheders-webemballage-103x103.jpg 103w, https:\/\/scanlux-packaging.com\/se\/wp-content\/uploads\/sites\/5\/2022\/07\/9-virksomheders-webemballage-147x147.jpg 147w, https:\/\/scanlux-packaging.com\/se\/wp-content\/uploads\/sites\/5\/2022\/07\/9-virksomheders-webemballage-20x20.jpg 20w, https:\/\/scanlux-packaging.com\/se\/wp-content\/uploads\/sites\/5\/2022\/07\/9-virksomheders-webemballage-500x500.jpg 500w, https:\/\/scanlux-packaging.com\/se\/wp-content\/uploads\/sites\/5\/2022\/07\/9-virksomheders-webemballage-100x100.jpg 100w\" sizes=\"(max-width: 600px) 100vw, 600px\" \/><a><\/div>\r\n                                    <div class=\"archive-post-content-wrapper\">\r\n                                        <div class=\"archive-post-title\">E-handelsemballage \u2013 vad fungerar och vad fungerar inte?<\/div>\r\n                                        <a href=\"https:\/\/scanlux-packaging.com\/se\/e-handelsemballage-vad-fungerar-och-vad-fungerar-inte\/\" class=\"btn-scanlux-flat right-arrow\"><span>L\u00e4s mer<\/span><\/a>\r\n                                    <\/div>\r\n                                <\/div>\r\n                            <\/div>\r\n                            <div class=\"archive-post-col col-12 col-md-4 col-lg-4\">\r\n                                <div class=\"archive-post-container\">\r\n                                    <div class=\"archive-post-image-wrapper\"><a href=\"https:\/\/scanlux-packaging.com\/se\/paptic-hallbart-pappersemballage-med-plastens-fordelar\/\"><img loading=\"lazy\" decoding=\"async\" width=\"383\" height=\"477\" src=\"https:\/\/scanlux-packaging.com\/se\/wp-content\/uploads\/sites\/5\/2024\/05\/Crosslink-Paptic.jpg\" class=\"attachment-large size-large wp-post-image\" alt=\"Paptic-p\u00e5sar\" \/><a><\/div>\r\n                                    <div class=\"archive-post-content-wrapper\">\r\n                                        <div class=\"archive-post-title\">Paptic \u2013 pappersemballage med plastens f\u00f6rdelar<\/div>\r\n                                        <a href=\"https:\/\/scanlux-packaging.com\/se\/paptic-hallbart-pappersemballage-med-plastens-fordelar\/\" class=\"btn-scanlux-flat right-arrow\"><span>L\u00e4s mer<\/span><\/a>\r\n                                    <\/div>\r\n                                <\/div>\r\n                            <\/div>\r\n                            <div class=\"archive-post-col col-12 col-md-4 col-lg-4\">\r\n                                <div class=\"archive-post-container\">\r\n                                    <div class=\"archive-post-image-wrapper\"><a href=\"https:\/\/scanlux-packaging.com\/se\/anvand-ditt-emballage-som-ett-kraftfullt-marknadsforingsverktyg\/\"><img loading=\"lazy\" decoding=\"async\" width=\"800\" height=\"400\" src=\"https:\/\/scanlux-packaging.com\/se\/wp-content\/uploads\/sites\/5\/2022\/06\/Range-ogf-branded-packaging-1170x585-2-1024x512.jpg\" class=\"attachment-large size-large wp-post-image\" alt=\"Emballage \u00e4r en viktig del av din marknadsf\u00f6ring\" srcset=\"https:\/\/scanlux-packaging.com\/se\/wp-content\/uploads\/sites\/5\/2022\/06\/Range-ogf-branded-packaging-1170x585-2-1024x512.jpg 1024w, https:\/\/scanlux-packaging.com\/se\/wp-content\/uploads\/sites\/5\/2022\/06\/Range-ogf-branded-packaging-1170x585-2-300x150.jpg 300w, https:\/\/scanlux-packaging.com\/se\/wp-content\/uploads\/sites\/5\/2022\/06\/Range-ogf-branded-packaging-1170x585-2-768x384.jpg 768w, https:\/\/scanlux-packaging.com\/se\/wp-content\/uploads\/sites\/5\/2022\/06\/Range-ogf-branded-packaging-1170x585-2-103x52.jpg 103w, https:\/\/scanlux-packaging.com\/se\/wp-content\/uploads\/sites\/5\/2022\/06\/Range-ogf-branded-packaging-1170x585-2-20x10.jpg 20w, https:\/\/scanlux-packaging.com\/se\/wp-content\/uploads\/sites\/5\/2022\/06\/Range-ogf-branded-packaging-1170x585-2-500x250.jpg 500w, https:\/\/scanlux-packaging.com\/se\/wp-content\/uploads\/sites\/5\/2022\/06\/Range-ogf-branded-packaging-1170x585-2-700x350.jpg 700w, https:\/\/scanlux-packaging.com\/se\/wp-content\/uploads\/sites\/5\/2022\/06\/Range-ogf-branded-packaging-1170x585-2.jpg 1170w\" sizes=\"(max-width: 800px) 100vw, 800px\" \/><a><\/div>\r\n                                    <div class=\"archive-post-content-wrapper\">\r\n                                        <div class=\"archive-post-title\">Anv\u00e4nd ditt emballage som ett kraftfullt marknadsf\u00f6ringsverktyg<\/div>\r\n                                        <a href=\"https:\/\/scanlux-packaging.com\/se\/anvand-ditt-emballage-som-ett-kraftfullt-marknadsforingsverktyg\/\" class=\"btn-scanlux-flat right-arrow\"><span>L\u00e4s mer<\/span><\/a>\r\n                                    <\/div>\r\n                                <\/div>\r\n                            <\/div>\r\n                            <div class=\"archive-post-col col-12 col-md-4 col-lg-4\">\r\n                                <div class=\"archive-post-container\">\r\n                                    <div class=\"archive-post-image-wrapper\"><a href=\"https:\/\/scanlux-packaging.com\/se\/5-annorlunda-emballageuttryck-som-overraskar-mottagaren\/\"><img loading=\"lazy\" decoding=\"async\" width=\"800\" height=\"203\" src=\"https:\/\/scanlux-packaging.com\/se\/wp-content\/uploads\/sites\/5\/2022\/04\/Jewelry-boxes-Header-1-1024x260.jpg\" class=\"attachment-large size-large wp-post-image\" alt=\"Smyckesaskar som \u00f6verraskar\" srcset=\"https:\/\/scanlux-packaging.com\/se\/wp-content\/uploads\/sites\/5\/2022\/04\/Jewelry-boxes-Header-1-1024x260.jpg 1024w, https:\/\/scanlux-packaging.com\/se\/wp-content\/uploads\/sites\/5\/2022\/04\/Jewelry-boxes-Header-1-300x76.jpg 300w, https:\/\/scanlux-packaging.com\/se\/wp-content\/uploads\/sites\/5\/2022\/04\/Jewelry-boxes-Header-1-768x195.jpg 768w, https:\/\/scanlux-packaging.com\/se\/wp-content\/uploads\/sites\/5\/2022\/04\/Jewelry-boxes-Header-1-103x26.jpg 103w, https:\/\/scanlux-packaging.com\/se\/wp-content\/uploads\/sites\/5\/2022\/04\/Jewelry-boxes-Header-1-500x127.jpg 500w, https:\/\/scanlux-packaging.com\/se\/wp-content\/uploads\/sites\/5\/2022\/04\/Jewelry-boxes-Header-1-700x178.jpg 700w, https:\/\/scanlux-packaging.com\/se\/wp-content\/uploads\/sites\/5\/2022\/04\/Jewelry-boxes-Header-1.jpg 1260w\" sizes=\"(max-width: 800px) 100vw, 800px\" \/><a><\/div>\r\n                                    <div class=\"archive-post-content-wrapper\">\r\n                                        <div class=\"archive-post-title\">5 annorlunda emballageuttryck som \u00f6verraskar mottagaren<\/div>\r\n                                        <a href=\"https:\/\/scanlux-packaging.com\/se\/5-annorlunda-emballageuttryck-som-overraskar-mottagaren\/\" class=\"btn-scanlux-flat right-arrow\"><span>L\u00e4s mer<\/span><\/a>\r\n                                    <\/div>\r\n                                <\/div>\r\n                            <\/div>\r\n                            <div class=\"archive-post-col col-12 col-md-4 col-lg-4\">\r\n                                <div class=\"archive-post-container\">\r\n                                    <div class=\"archive-post-image-wrapper\"><a href=\"https:\/\/scanlux-packaging.com\/se\/7-saker-du-bor-veta-nar-du-valjer-emballage-guide\/\"><img loading=\"lazy\" decoding=\"async\" width=\"800\" height=\"400\" src=\"https:\/\/scanlux-packaging.com\/se\/wp-content\/uploads\/sites\/5\/2022\/01\/Brandlab_Mixed_BlackWhite_2021_uden-NK-3-1024x512.jpg\" class=\"attachment-large size-large wp-post-image\" alt=\"Svartvitt emballage\" srcset=\"https:\/\/scanlux-packaging.com\/se\/wp-content\/uploads\/sites\/5\/2022\/01\/Brandlab_Mixed_BlackWhite_2021_uden-NK-3-1024x512.jpg 1024w, https:\/\/scanlux-packaging.com\/se\/wp-content\/uploads\/sites\/5\/2022\/01\/Brandlab_Mixed_BlackWhite_2021_uden-NK-3-300x150.jpg 300w, https:\/\/scanlux-packaging.com\/se\/wp-content\/uploads\/sites\/5\/2022\/01\/Brandlab_Mixed_BlackWhite_2021_uden-NK-3-768x384.jpg 768w, https:\/\/scanlux-packaging.com\/se\/wp-content\/uploads\/sites\/5\/2022\/01\/Brandlab_Mixed_BlackWhite_2021_uden-NK-3-103x52.jpg 103w, https:\/\/scanlux-packaging.com\/se\/wp-content\/uploads\/sites\/5\/2022\/01\/Brandlab_Mixed_BlackWhite_2021_uden-NK-3-20x10.jpg 20w, https:\/\/scanlux-packaging.com\/se\/wp-content\/uploads\/sites\/5\/2022\/01\/Brandlab_Mixed_BlackWhite_2021_uden-NK-3-500x250.jpg 500w, https:\/\/scanlux-packaging.com\/se\/wp-content\/uploads\/sites\/5\/2022\/01\/Brandlab_Mixed_BlackWhite_2021_uden-NK-3-700x350.jpg 700w, https:\/\/scanlux-packaging.com\/se\/wp-content\/uploads\/sites\/5\/2022\/01\/Brandlab_Mixed_BlackWhite_2021_uden-NK-3.jpg 1170w\" sizes=\"(max-width: 800px) 100vw, 800px\" \/><a><\/div>\r\n                                    <div class=\"archive-post-content-wrapper\">\r\n                                        <div class=\"archive-post-title\">7 saker du b\u00f6r veta n\u00e4r du v\u00e4ljer emballage [GUIDE]<\/div>\r\n                                        <a href=\"https:\/\/scanlux-packaging.com\/se\/7-saker-du-bor-veta-nar-du-valjer-emballage-guide\/\" class=\"btn-scanlux-flat right-arrow\"><span>L\u00e4s mer<\/span><\/a>\r\n                                    <\/div>\r\n                                <\/div>\r\n                            <\/div>\r\n                            <div class=\"archive-post-col col-12 col-md-4 col-lg-4\">\r\n                                <div class=\"archive-post-container\">\r\n                                    <div class=\"archive-post-image-wrapper\"><a href=\"https:\/\/scanlux-packaging.com\/se\/emballagets-roll-i-omnikanalvarld\/\"><img loading=\"lazy\" decoding=\"async\" width=\"800\" height=\"400\" src=\"https:\/\/scanlux-packaging.com\/se\/wp-content\/uploads\/sites\/5\/2022\/08\/Packaging-in-omnichannel-strategy-1-1024x512.jpg\" class=\"attachment-large size-large wp-post-image\" alt=\"Omnichannel-illustration\" srcset=\"https:\/\/scanlux-packaging.com\/se\/wp-content\/uploads\/sites\/5\/2022\/08\/Packaging-in-omnichannel-strategy-1-1024x512.jpg 1024w, https:\/\/scanlux-packaging.com\/se\/wp-content\/uploads\/sites\/5\/2022\/08\/Packaging-in-omnichannel-strategy-1-300x150.jpg 300w, https:\/\/scanlux-packaging.com\/se\/wp-content\/uploads\/sites\/5\/2022\/08\/Packaging-in-omnichannel-strategy-1-768x384.jpg 768w, https:\/\/scanlux-packaging.com\/se\/wp-content\/uploads\/sites\/5\/2022\/08\/Packaging-in-omnichannel-strategy-1-103x52.jpg 103w, https:\/\/scanlux-packaging.com\/se\/wp-content\/uploads\/sites\/5\/2022\/08\/Packaging-in-omnichannel-strategy-1-500x250.jpg 500w, https:\/\/scanlux-packaging.com\/se\/wp-content\/uploads\/sites\/5\/2022\/08\/Packaging-in-omnichannel-strategy-1-700x350.jpg 700w, https:\/\/scanlux-packaging.com\/se\/wp-content\/uploads\/sites\/5\/2022\/08\/Packaging-in-omnichannel-strategy-1.jpg 1170w\" sizes=\"(max-width: 800px) 100vw, 800px\" \/><a><\/div>\r\n                                    <div class=\"archive-post-content-wrapper\">\r\n                                        <div class=\"archive-post-title\">Emballagets roll i omnikanalv\u00e4rld<\/div>\r\n                                        <a href=\"https:\/\/scanlux-packaging.com\/se\/emballagets-roll-i-omnikanalvarld\/\" class=\"btn-scanlux-flat right-arrow\"><span>L\u00e4s mer<\/span><\/a>\r\n                                    <\/div>\r\n                                <\/div>\r\n                            <\/div><\/div><\/div><\/div>\r\n                                    <div class=\"archive-row row g-0\">\r\n                                     <div class=\"archive-ad col-12 col-md-12 col-lg-3\">\r\n                                        <div class=\"archive-post-col col-12\">\r\n                                            \r\n                                        <\/div>\r\n                                    <\/div>\r\n                                        <div class=\"archive-posts col-12 col-md-12 col-lg-9\">\r\n                                            <div class=\"archive-post-row row g-0\">\r\n                            <div class=\"archive-post-col col-12 col-md-4 col-lg-4\">\r\n                                <div class=\"archive-post-container\">\r\n                                    <div class=\"archive-post-image-wrapper\"><a href=\"https:\/\/scanlux-packaging.com\/se\/darfor-ska-du-byta-ut-den-bruna-pappkassen-mot-en-brandingupplevelse\/\"><img loading=\"lazy\" decoding=\"async\" width=\"800\" height=\"400\" src=\"https:\/\/scanlux-packaging.com\/se\/wp-content\/uploads\/sites\/5\/2022\/08\/featured_Mixed_webshop-1024x512.jpg\" class=\"attachment-large size-large wp-post-image\" alt=\"Blandade skr\u00e4ddarsydda emballage\" srcset=\"https:\/\/scanlux-packaging.com\/se\/wp-content\/uploads\/sites\/5\/2022\/08\/featured_Mixed_webshop-1024x512.jpg 1024w, https:\/\/scanlux-packaging.com\/se\/wp-content\/uploads\/sites\/5\/2022\/08\/featured_Mixed_webshop-300x150.jpg 300w, https:\/\/scanlux-packaging.com\/se\/wp-content\/uploads\/sites\/5\/2022\/08\/featured_Mixed_webshop-768x384.jpg 768w, https:\/\/scanlux-packaging.com\/se\/wp-content\/uploads\/sites\/5\/2022\/08\/featured_Mixed_webshop-103x52.jpg 103w, https:\/\/scanlux-packaging.com\/se\/wp-content\/uploads\/sites\/5\/2022\/08\/featured_Mixed_webshop-20x10.jpg 20w, https:\/\/scanlux-packaging.com\/se\/wp-content\/uploads\/sites\/5\/2022\/08\/featured_Mixed_webshop-500x250.jpg 500w, https:\/\/scanlux-packaging.com\/se\/wp-content\/uploads\/sites\/5\/2022\/08\/featured_Mixed_webshop-700x350.jpg 700w, https:\/\/scanlux-packaging.com\/se\/wp-content\/uploads\/sites\/5\/2022\/08\/featured_Mixed_webshop.jpg 1170w\" sizes=\"(max-width: 800px) 100vw, 800px\" \/><a><\/div>\r\n                                    <div class=\"archive-post-content-wrapper\">\r\n                                        <div class=\"archive-post-title\">D\u00e4rf\u00f6r ska du byta ut den bruna pappkassen mot en brandingupplevelse<\/div>\r\n                                        <a href=\"https:\/\/scanlux-packaging.com\/se\/darfor-ska-du-byta-ut-den-bruna-pappkassen-mot-en-brandingupplevelse\/\" class=\"btn-scanlux-flat right-arrow\"><span>L\u00e4s mer<\/span><\/a>\r\n                                    <\/div>\r\n                                <\/div>\r\n                            <\/div>\r\n                            <div class=\"archive-post-col col-12 col-md-4 col-lg-4\">\r\n                                <div class=\"archive-post-container\">\r\n                                    <div class=\"archive-post-image-wrapper\"><a href=\"https:\/\/scanlux-packaging.com\/se\/generation-y-och-z-vill-ha-hallbart-emballage\/\"><img loading=\"lazy\" decoding=\"async\" width=\"468\" height=\"585\" src=\"https:\/\/scanlux-packaging.com\/se\/wp-content\/uploads\/sites\/5\/site\/\/2\/X-og-Y-vil-have-baeredygtig-emballage_www-1.jpg\" class=\"attachment-large size-large wp-post-image\" alt=\"Generation y och z\" srcset=\"https:\/\/scanlux-packaging.com\/se\/wp-content\/uploads\/sites\/5\/site\/\/2\/X-og-Y-vil-have-baeredygtig-emballage_www-1.jpg 468w, https:\/\/scanlux-packaging.com\/se\/wp-content\/uploads\/sites\/5\/site\/\/2\/X-og-Y-vil-have-baeredygtig-emballage_www-1-240x300.jpg 240w, https:\/\/scanlux-packaging.com\/se\/wp-content\/uploads\/sites\/5\/site\/\/2\/X-og-Y-vil-have-baeredygtig-emballage_www-1-103x129.jpg 103w\" sizes=\"(max-width: 468px) 100vw, 468px\" \/><a><\/div>\r\n                                    <div class=\"archive-post-content-wrapper\">\r\n                                        <div class=\"archive-post-title\">Generation Y och Z vill ha h\u00e5llbart emballage<\/div>\r\n                                        <a href=\"https:\/\/scanlux-packaging.com\/se\/generation-y-och-z-vill-ha-hallbart-emballage\/\" class=\"btn-scanlux-flat right-arrow\"><span>L\u00e4s mer<\/span><\/a>\r\n                                    <\/div>\r\n                                <\/div>\r\n                            <\/div>\r\n                            <div class=\"archive-post-col col-12 col-md-4 col-lg-4\">\r\n                                <div class=\"archive-post-container\">\r\n                                    <div class=\"archive-post-image-wrapper\"><a href=\"https:\/\/scanlux-packaging.com\/se\/varfor-ger-vi-presenter-och-slar-in-dem\/\"><img loading=\"lazy\" decoding=\"async\" width=\"800\" height=\"400\" src=\"https:\/\/scanlux-packaging.com\/se\/wp-content\/uploads\/sites\/5\/2021\/06\/Hvorfor-giver-vi-gaver-til-hinanden03-1024x512.jpg\" class=\"attachment-large size-large wp-post-image\" alt=\"Varf\u00f6r ger vi g\u00e5vor till varandra?\" srcset=\"https:\/\/scanlux-packaging.com\/se\/wp-content\/uploads\/sites\/5\/2021\/06\/Hvorfor-giver-vi-gaver-til-hinanden03-1024x512.jpg 1024w, https:\/\/scanlux-packaging.com\/se\/wp-content\/uploads\/sites\/5\/2021\/06\/Hvorfor-giver-vi-gaver-til-hinanden03-300x150.jpg 300w, https:\/\/scanlux-packaging.com\/se\/wp-content\/uploads\/sites\/5\/2021\/06\/Hvorfor-giver-vi-gaver-til-hinanden03-768x384.jpg 768w, https:\/\/scanlux-packaging.com\/se\/wp-content\/uploads\/sites\/5\/2021\/06\/Hvorfor-giver-vi-gaver-til-hinanden03-103x52.jpg 103w, https:\/\/scanlux-packaging.com\/se\/wp-content\/uploads\/sites\/5\/2021\/06\/Hvorfor-giver-vi-gaver-til-hinanden03-20x10.jpg 20w, https:\/\/scanlux-packaging.com\/se\/wp-content\/uploads\/sites\/5\/2021\/06\/Hvorfor-giver-vi-gaver-til-hinanden03-500x250.jpg 500w, https:\/\/scanlux-packaging.com\/se\/wp-content\/uploads\/sites\/5\/2021\/06\/Hvorfor-giver-vi-gaver-til-hinanden03-700x350.jpg 700w, https:\/\/scanlux-packaging.com\/se\/wp-content\/uploads\/sites\/5\/2021\/06\/Hvorfor-giver-vi-gaver-til-hinanden03.jpg 1170w\" sizes=\"(max-width: 800px) 100vw, 800px\" \/><a><\/div>\r\n                                    <div class=\"archive-post-content-wrapper\">\r\n                                        <div class=\"archive-post-title\">Varf\u00f6r ger vi presenter och sl\u00e5r in dem?<\/div>\r\n                                        <a href=\"https:\/\/scanlux-packaging.com\/se\/varfor-ger-vi-presenter-och-slar-in-dem\/\" class=\"btn-scanlux-flat right-arrow\"><span>L\u00e4s mer<\/span><\/a>\r\n                                    <\/div>\r\n                                <\/div>\r\n                            <\/div>\r\n                            <div class=\"archive-post-col col-12 col-md-4 col-lg-4\">\r\n                                <div class=\"archive-post-container\">\r\n                                    <div class=\"archive-post-image-wrapper\"><a href=\"https:\/\/scanlux-packaging.com\/se\/3-steg-for-en-lyckad-emballagestrategi\/\"><img loading=\"lazy\" decoding=\"async\" width=\"585\" height=\"585\" src=\"https:\/\/scanlux-packaging.com\/se\/wp-content\/uploads\/sites\/5\/2021\/06\/Strategy_featured-image.jpg\" class=\"attachment-large size-large wp-post-image\" alt=\"Emballagestrategi\" srcset=\"https:\/\/scanlux-packaging.com\/se\/wp-content\/uploads\/sites\/5\/2021\/06\/Strategy_featured-image.jpg 585w, https:\/\/scanlux-packaging.com\/se\/wp-content\/uploads\/sites\/5\/2021\/06\/Strategy_featured-image-300x300.jpg 300w, https:\/\/scanlux-packaging.com\/se\/wp-content\/uploads\/sites\/5\/2021\/06\/Strategy_featured-image-150x150.jpg 150w, https:\/\/scanlux-packaging.com\/se\/wp-content\/uploads\/sites\/5\/2021\/06\/Strategy_featured-image-103x103.jpg 103w, https:\/\/scanlux-packaging.com\/se\/wp-content\/uploads\/sites\/5\/2021\/06\/Strategy_featured-image-147x147.jpg 147w, https:\/\/scanlux-packaging.com\/se\/wp-content\/uploads\/sites\/5\/2021\/06\/Strategy_featured-image-20x20.jpg 20w, https:\/\/scanlux-packaging.com\/se\/wp-content\/uploads\/sites\/5\/2021\/06\/Strategy_featured-image-500x500.jpg 500w, https:\/\/scanlux-packaging.com\/se\/wp-content\/uploads\/sites\/5\/2021\/06\/Strategy_featured-image-100x100.jpg 100w\" sizes=\"(max-width: 585px) 100vw, 585px\" \/><a><\/div>\r\n                                    <div class=\"archive-post-content-wrapper\">\r\n                                        <div class=\"archive-post-title\">3 steg f\u00f6r en lyckad emballagestrategi<\/div>\r\n                                        <a href=\"https:\/\/scanlux-packaging.com\/se\/3-steg-for-en-lyckad-emballagestrategi\/\" class=\"btn-scanlux-flat right-arrow\"><span>L\u00e4s mer<\/span><\/a>\r\n                                    <\/div>\r\n                                <\/div>\r\n                            <\/div>\r\n                            <div class=\"archive-post-col col-12 col-md-4 col-lg-4\">\r\n                                <div class=\"archive-post-container\">\r\n                                    <div class=\"archive-post-image-wrapper\"><a href=\"https:\/\/scanlux-packaging.com\/se\/en-komplett-emballagelosning-som-gynnar-ekonomi-och-miljo\/\"><img loading=\"lazy\" decoding=\"async\" width=\"300\" height=\"300\" src=\"https:\/\/scanlux-packaging.com\/se\/wp-content\/uploads\/sites\/5\/2022\/08\/Floyd-300px-1.jpg\" class=\"attachment-large size-large wp-post-image\" alt=\"Floyd fraktp\u00e5se\" srcset=\"https:\/\/scanlux-packaging.com\/se\/wp-content\/uploads\/sites\/5\/2022\/08\/Floyd-300px-1.jpg 300w, https:\/\/scanlux-packaging.com\/se\/wp-content\/uploads\/sites\/5\/2022\/08\/Floyd-300px-1-150x150.jpg 150w, https:\/\/scanlux-packaging.com\/se\/wp-content\/uploads\/sites\/5\/2022\/08\/Floyd-300px-1-103x103.jpg 103w, https:\/\/scanlux-packaging.com\/se\/wp-content\/uploads\/sites\/5\/2022\/08\/Floyd-300px-1-147x147.jpg 147w, https:\/\/scanlux-packaging.com\/se\/wp-content\/uploads\/sites\/5\/2022\/08\/Floyd-300px-1-20x20.jpg 20w, https:\/\/scanlux-packaging.com\/se\/wp-content\/uploads\/sites\/5\/2022\/08\/Floyd-300px-1-100x100.jpg 100w\" sizes=\"(max-width: 300px) 100vw, 300px\" \/><a><\/div>\r\n                                    <div class=\"archive-post-content-wrapper\">\r\n                                        <div class=\"archive-post-title\">En komplett emballagel\u00f6sning som gynnar ekonomi och milj\u00f6<\/div>\r\n                                        <a href=\"https:\/\/scanlux-packaging.com\/se\/en-komplett-emballagelosning-som-gynnar-ekonomi-och-miljo\/\" class=\"btn-scanlux-flat right-arrow\"><span>L\u00e4s mer<\/span><\/a>\r\n                                    <\/div>\r\n                                <\/div>\r\n                            <\/div>\r\n                            <div class=\"archive-post-col col-12 col-md-4 col-lg-4\">\r\n                                <div class=\"archive-post-container\">\r\n                                    <div class=\"archive-post-image-wrapper\"><a href=\"https:\/\/scanlux-packaging.com\/se\/fraktpasen-med-miljon-i-fokus\/\"><img loading=\"lazy\" decoding=\"async\" width=\"468\" height=\"585\" src=\"https:\/\/scanlux-packaging.com\/se\/wp-content\/uploads\/sites\/5\/2022\/08\/BliVakker-forsendelsesposer-1.jpg\" class=\"attachment-large size-large wp-post-image\" alt=\"BliVakker fraktp\u00e5se\" srcset=\"https:\/\/scanlux-packaging.com\/se\/wp-content\/uploads\/sites\/5\/2022\/08\/BliVakker-forsendelsesposer-1.jpg 468w, https:\/\/scanlux-packaging.com\/se\/wp-content\/uploads\/sites\/5\/2022\/08\/BliVakker-forsendelsesposer-1-240x300.jpg 240w, https:\/\/scanlux-packaging.com\/se\/wp-content\/uploads\/sites\/5\/2022\/08\/BliVakker-forsendelsesposer-1-103x129.jpg 103w, https:\/\/scanlux-packaging.com\/se\/wp-content\/uploads\/sites\/5\/2022\/08\/BliVakker-forsendelsesposer-1-16x20.jpg 16w\" sizes=\"(max-width: 468px) 100vw, 468px\" \/><a><\/div>\r\n                                    <div class=\"archive-post-content-wrapper\">\r\n                                        <div class=\"archive-post-title\">Fraktp\u00e5sen med milj\u00f6n i fokus<\/div>\r\n                                        <a href=\"https:\/\/scanlux-packaging.com\/se\/fraktpasen-med-miljon-i-fokus\/\" class=\"btn-scanlux-flat right-arrow\"><span>L\u00e4s mer<\/span><\/a>\r\n                                    <\/div>\r\n                                <\/div>\r\n                            <\/div><\/div><\/div><\/div><\/div><div class=\"archive-load-more\">\r\n                        <button id=\"archive-more-btn\" class=\"btn-scanlux btn-chalky-white\" data-next=\"0\" data-type=\"post\" data-tax=\"\" data-filter=\"\" data-bannerpage=\"4\" data-banner=\"1\">Ladda fler produkter<\/button>\r\n                    <\/div>            <\/div>\r\n        <\/div>\r\n        \t\t\t\t<\/div>\n\t\t\t\t<\/div>\n\t\t\t\t\t<\/div>\n\t\t<\/div>\n\t\t\t\t\t<\/div>\n\t\t<\/section>\n\t\t\t\t<\/div>\n\t\t","protected":false},"excerpt":{"rendered":"<p>Tak for din henvendelse Vi har modtaget din henvendelse og vender tilbage hurtigst muligt. L\u00e6s mere i vores artikelarkiv All categories Julen er over os L\u00e6s mere Masai \u2013 en gr\u00f8n profil med b\u00e6redygtig emballage L\u00e6s mere H\u00f8yer blev frigjort fra emballageansvaret og fik effektiviseret arbejdsprocesserne L\u00e6s mere Vi har unders\u00f8gt 9 virksomheders e-handelsemballage \u2013 [&hellip;]<\/p>\n","protected":false},"author":22852,"featured_media":0,"parent":0,"menu_order":0,"comment_status":"closed","ping_status":"closed","template":"","meta":{"_acf_changed":false,"_relevanssi_hide_post":"","_relevanssi_hide_content":"","_relevanssi_pin_for_all":"","_relevanssi_pin_keywords":"","_relevanssi_unpin_keywords":"","_relevanssi_related_keywords":"","_relevanssi_related_include_ids":"","_relevanssi_related_exclude_ids":"","_relevanssi_related_no_append":"","_relevanssi_related_not_related":"","_relevanssi_related_posts":"","_relevanssi_noindex_reason":"WooCommerce Yoast SEO Relevanssi index exclude","footnotes":""},"class_list":["post-132644","page","type-page","status-publish","hentry"],"acf":[],"yoast_head":"<!-- This site is optimized with the Yoast SEO Premium plugin v27.4 (Yoast SEO v27.4) - https:\/\/yoast.com\/product\/yoast-seo-premium-wordpress\/ -->\n<title>Tak for din henvendelse | Vi vender tilbage | Scanlux Packaging<\/title>\n<meta name=\"robots\" content=\"noindex, follow\" \/>\n<meta property=\"og:locale\" content=\"sv_SE\" \/>\n<meta property=\"og:type\" content=\"article\" \/>\n<meta property=\"og:title\" content=\"Tak for din henvendelse | Vi vender tilbage\" \/>\n<meta property=\"og:description\" content=\"Tak for din henvendelse Vi har modtaget din henvendelse og vender tilbage hurtigst muligt. L\u00e6s mere i vores artikelarkiv All categories Julen er over os L\u00e6s mere Masai \u2013 en gr\u00f8n profil med b\u00e6redygtig emballage L\u00e6s mere H\u00f8yer blev frigjort fra emballageansvaret og fik effektiviseret arbejdsprocesserne L\u00e6s mere Vi har unders\u00f8gt 9 virksomheders e-handelsemballage \u2013 [&hellip;]\" \/>\n<meta property=\"og:url\" content=\"https:\/\/scanlux-packaging.com\/dk\/kontakt-os\/reqsuccess\/\" \/>\n<meta property=\"og:site_name\" content=\"Scanlux Packaging\" \/>\n<meta property=\"article:publisher\" content=\"https:\/\/facebook.com\/scanluxse\" \/>\n<meta property=\"article:modified_time\" content=\"2026-02-11T09:15:57+00:00\" \/>\n<meta property=\"og:image\" content=\"https:\/\/scanlux-packaging.com\/se\/wp-content\/uploads\/sites\/5\/2022\/08\/Module-2-Interactive_Pic-nr-2.jpg\" \/>\n<meta name=\"twitter:card\" content=\"summary_large_image\" \/>\n<meta name=\"twitter:label1\" content=\"Ber\u00e4knad l\u00e4stid\" \/>\n\t<meta name=\"twitter:data1\" content=\"1 minut\" \/>\n<script type=\"application\/ld+json\" class=\"yoast-schema-graph\">{\"@context\":\"https:\\\/\\\/schema.org\",\"@graph\":[{\"@type\":\"WebPage\",\"@id\":\"https:\\\/\\\/scanlux-packaging.com\\\/se\\\/enquirysuccess\\\/\",\"url\":\"https:\\\/\\\/scanlux-packaging.com\\\/dk\\\/kontakt-os\\\/reqsuccess\\\/\",\"name\":\"Tak for din henvendelse | Vi vender tilbage | Scanlux Packaging\",\"isPartOf\":{\"@id\":\"https:\\\/\\\/scanlux-packaging.com\\\/se\\\/#website\"},\"primaryImageOfPage\":{\"@id\":\"https:\\\/\\\/scanlux-packaging.com\\\/dk\\\/kontakt-os\\\/reqsuccess\\\/#primaryimage\"},\"image\":{\"@id\":\"https:\\\/\\\/scanlux-packaging.com\\\/dk\\\/kontakt-os\\\/reqsuccess\\\/#primaryimage\"},\"thumbnailUrl\":\"https:\\\/\\\/scanlux-packaging.com\\\/se\\\/wp-content\\\/uploads\\\/sites\\\/5\\\/2022\\\/08\\\/Module-2-Interactive_Pic-nr-2.jpg\",\"datePublished\":\"2022-11-04T10:12:02+00:00\",\"dateModified\":\"2026-02-11T09:15:57+00:00\",\"breadcrumb\":{\"@id\":\"https:\\\/\\\/scanlux-packaging.com\\\/dk\\\/kontakt-os\\\/reqsuccess\\\/#breadcrumb\"},\"inLanguage\":\"sv-SE\",\"potentialAction\":[{\"@type\":\"ReadAction\",\"target\":[\"https:\\\/\\\/scanlux-packaging.com\\\/dk\\\/kontakt-os\\\/reqsuccess\\\/\"]}]},{\"@type\":\"ImageObject\",\"inLanguage\":\"sv-SE\",\"@id\":\"https:\\\/\\\/scanlux-packaging.com\\\/dk\\\/kontakt-os\\\/reqsuccess\\\/#primaryimage\",\"url\":\"https:\\\/\\\/scanlux-packaging.com\\\/se\\\/wp-content\\\/uploads\\\/sites\\\/5\\\/2022\\\/08\\\/Module-2-Interactive_Pic-nr-2.jpg\",\"contentUrl\":\"https:\\\/\\\/scanlux-packaging.com\\\/se\\\/wp-content\\\/uploads\\\/sites\\\/5\\\/2022\\\/08\\\/Module-2-Interactive_Pic-nr-2.jpg\",\"width\":385,\"height\":318,\"caption\":\"Scanlux Packaging emballage\"},{\"@type\":\"BreadcrumbList\",\"@id\":\"https:\\\/\\\/scanlux-packaging.com\\\/dk\\\/kontakt-os\\\/reqsuccess\\\/#breadcrumb\",\"itemListElement\":[{\"@type\":\"ListItem\",\"position\":1,\"name\":\"Hem\",\"item\":\"https:\\\/\\\/scanlux-packaging.com\\\/se\\\/\"},{\"@type\":\"ListItem\",\"position\":2,\"name\":\"Tak for din henvendelse | Vi vender tilbage\"}]},{\"@type\":\"WebSite\",\"@id\":\"https:\\\/\\\/scanlux-packaging.com\\\/se\\\/#website\",\"url\":\"https:\\\/\\\/scanlux-packaging.com\\\/se\\\/\",\"name\":\"Scanlux Packaging\",\"description\":\"Vi designar emballage och inslagning f\u00f6r din butik och webbshop | Skapa merf\u00f6rs\u00e4ljning och st\u00f6rre kundlojalitet med innovativt och h\u00e5llbart emballage.\",\"publisher\":{\"@id\":\"https:\\\/\\\/scanlux-packaging.com\\\/se\\\/#organization\"},\"potentialAction\":[{\"@type\":\"SearchAction\",\"target\":{\"@type\":\"EntryPoint\",\"urlTemplate\":\"https:\\\/\\\/scanlux-packaging.com\\\/se\\\/?s={search_term_string}\"},\"query-input\":{\"@type\":\"PropertyValueSpecification\",\"valueRequired\":true,\"valueName\":\"search_term_string\"}}],\"inLanguage\":\"sv-SE\"},{\"@type\":\"Organization\",\"@id\":\"https:\\\/\\\/scanlux-packaging.com\\\/se\\\/#organization\",\"name\":\"Scanlux Packaging\",\"url\":\"https:\\\/\\\/scanlux-packaging.com\\\/se\\\/\",\"logo\":{\"@type\":\"ImageObject\",\"inLanguage\":\"sv-SE\",\"@id\":\"https:\\\/\\\/scanlux-packaging.com\\\/se\\\/#\\\/schema\\\/logo\\\/image\\\/\",\"url\":\"https:\\\/\\\/scanlux-packaging.com\\\/se\\\/wp-content\\\/uploads\\\/sites\\\/5\\\/2016\\\/09\\\/SCANLUX_Logo_Blue.png\",\"contentUrl\":\"https:\\\/\\\/scanlux-packaging.com\\\/se\\\/wp-content\\\/uploads\\\/sites\\\/5\\\/2016\\\/09\\\/SCANLUX_Logo_Blue.png\",\"width\":165,\"height\":39,\"caption\":\"Scanlux Packaging\"},\"image\":{\"@id\":\"https:\\\/\\\/scanlux-packaging.com\\\/se\\\/#\\\/schema\\\/logo\\\/image\\\/\"},\"sameAs\":[\"https:\\\/\\\/facebook.com\\\/scanluxse\"]}]}<\/script>\n<!-- \/ Yoast SEO Premium plugin. -->","yoast_head_json":{"title":"Tak for din henvendelse | Vi vender tilbage | Scanlux Packaging","robots":{"index":"noindex","follow":"follow"},"og_locale":"sv_SE","og_type":"article","og_title":"Tak for din henvendelse | Vi vender tilbage","og_description":"Tak for din henvendelse Vi har modtaget din henvendelse og vender tilbage hurtigst muligt. L\u00e6s mere i vores artikelarkiv All categories Julen er over os L\u00e6s mere Masai \u2013 en gr\u00f8n profil med b\u00e6redygtig emballage L\u00e6s mere H\u00f8yer blev frigjort fra emballageansvaret og fik effektiviseret arbejdsprocesserne L\u00e6s mere Vi har unders\u00f8gt 9 virksomheders e-handelsemballage \u2013 [&hellip;]","og_url":"https:\/\/scanlux-packaging.com\/dk\/kontakt-os\/reqsuccess\/","og_site_name":"Scanlux Packaging","article_publisher":"https:\/\/facebook.com\/scanluxse","article_modified_time":"2026-02-11T09:15:57+00:00","og_image":[{"url":"https:\/\/scanlux-packaging.com\/se\/wp-content\/uploads\/sites\/5\/2022\/08\/Module-2-Interactive_Pic-nr-2.jpg","type":"","width":"","height":""}],"twitter_card":"summary_large_image","twitter_misc":{"Ber\u00e4knad l\u00e4stid":"1 minut"},"schema":{"@context":"https:\/\/schema.org","@graph":[{"@type":"WebPage","@id":"https:\/\/scanlux-packaging.com\/se\/enquirysuccess\/","url":"https:\/\/scanlux-packaging.com\/dk\/kontakt-os\/reqsuccess\/","name":"Tak for din henvendelse | Vi vender tilbage | Scanlux Packaging","isPartOf":{"@id":"https:\/\/scanlux-packaging.com\/se\/#website"},"primaryImageOfPage":{"@id":"https:\/\/scanlux-packaging.com\/dk\/kontakt-os\/reqsuccess\/#primaryimage"},"image":{"@id":"https:\/\/scanlux-packaging.com\/dk\/kontakt-os\/reqsuccess\/#primaryimage"},"thumbnailUrl":"https:\/\/scanlux-packaging.com\/se\/wp-content\/uploads\/sites\/5\/2022\/08\/Module-2-Interactive_Pic-nr-2.jpg","datePublished":"2022-11-04T10:12:02+00:00","dateModified":"2026-02-11T09:15:57+00:00","breadcrumb":{"@id":"https:\/\/scanlux-packaging.com\/dk\/kontakt-os\/reqsuccess\/#breadcrumb"},"inLanguage":"sv-SE","potentialAction":[{"@type":"ReadAction","target":["https:\/\/scanlux-packaging.com\/dk\/kontakt-os\/reqsuccess\/"]}]},{"@type":"ImageObject","inLanguage":"sv-SE","@id":"https:\/\/scanlux-packaging.com\/dk\/kontakt-os\/reqsuccess\/#primaryimage","url":"https:\/\/scanlux-packaging.com\/se\/wp-content\/uploads\/sites\/5\/2022\/08\/Module-2-Interactive_Pic-nr-2.jpg","contentUrl":"https:\/\/scanlux-packaging.com\/se\/wp-content\/uploads\/sites\/5\/2022\/08\/Module-2-Interactive_Pic-nr-2.jpg","width":385,"height":318,"caption":"Scanlux Packaging emballage"},{"@type":"BreadcrumbList","@id":"https:\/\/scanlux-packaging.com\/dk\/kontakt-os\/reqsuccess\/#breadcrumb","itemListElement":[{"@type":"ListItem","position":1,"name":"Hem","item":"https:\/\/scanlux-packaging.com\/se\/"},{"@type":"ListItem","position":2,"name":"Tak for din henvendelse | Vi vender tilbage"}]},{"@type":"WebSite","@id":"https:\/\/scanlux-packaging.com\/se\/#website","url":"https:\/\/scanlux-packaging.com\/se\/","name":"Scanlux Packaging","description":"Vi designar emballage och inslagning f\u00f6r din butik och webbshop | Skapa merf\u00f6rs\u00e4ljning och st\u00f6rre kundlojalitet med innovativt och h\u00e5llbart emballage.","publisher":{"@id":"https:\/\/scanlux-packaging.com\/se\/#organization"},"potentialAction":[{"@type":"SearchAction","target":{"@type":"EntryPoint","urlTemplate":"https:\/\/scanlux-packaging.com\/se\/?s={search_term_string}"},"query-input":{"@type":"PropertyValueSpecification","valueRequired":true,"valueName":"search_term_string"}}],"inLanguage":"sv-SE"},{"@type":"Organization","@id":"https:\/\/scanlux-packaging.com\/se\/#organization","name":"Scanlux Packaging","url":"https:\/\/scanlux-packaging.com\/se\/","logo":{"@type":"ImageObject","inLanguage":"sv-SE","@id":"https:\/\/scanlux-packaging.com\/se\/#\/schema\/logo\/image\/","url":"https:\/\/scanlux-packaging.com\/se\/wp-content\/uploads\/sites\/5\/2016\/09\/SCANLUX_Logo_Blue.png","contentUrl":"https:\/\/scanlux-packaging.com\/se\/wp-content\/uploads\/sites\/5\/2016\/09\/SCANLUX_Logo_Blue.png","width":165,"height":39,"caption":"Scanlux Packaging"},"image":{"@id":"https:\/\/scanlux-packaging.com\/se\/#\/schema\/logo\/image\/"},"sameAs":["https:\/\/facebook.com\/scanluxse"]}]}},"_links":{"self":[{"href":"https:\/\/scanlux-packaging.com\/se\/wp-json\/wp\/v2\/pages\/132644","targetHints":{"allow":["GET"]}}],"collection":[{"href":"https:\/\/scanlux-packaging.com\/se\/wp-json\/wp\/v2\/pages"}],"about":[{"href":"https:\/\/scanlux-packaging.com\/se\/wp-json\/wp\/v2\/types\/page"}],"author":[{"embeddable":true,"href":"https:\/\/scanlux-packaging.com\/se\/wp-json\/wp\/v2\/users\/22852"}],"replies":[{"embeddable":true,"href":"https:\/\/scanlux-packaging.com\/se\/wp-json\/wp\/v2\/comments?post=132644"}],"version-history":[{"count":21,"href":"https:\/\/scanlux-packaging.com\/se\/wp-json\/wp\/v2\/pages\/132644\/revisions"}],"predecessor-version":[{"id":141558,"href":"https:\/\/scanlux-packaging.com\/se\/wp-json\/wp\/v2\/pages\/132644\/revisions\/141558"}],"wp:attachment":[{"href":"https:\/\/scanlux-packaging.com\/se\/wp-json\/wp\/v2\/media?parent=132644"}],"curies":[{"name":"wp","href":"https:\/\/api.w.org\/{rel}","templated":true}]}}