{"id":128165,"date":"2022-08-30T10:18:53","date_gmt":"2022-08-30T08:18:53","guid":{"rendered":"https:\/\/scanlux-packaging.com\/de\/analysis-success\/"},"modified":"2024-08-16T09:27:21","modified_gmt":"2024-08-16T07:27:21","slug":"analysissuccess","status":"publish","type":"page","link":"https:\/\/scanlux-packaging.com\/de\/warum-sollten-sie-sich-fuer-scanlux-verpackungen-entscheiden\/design-audit-eine-analyse-ihrer-verpackung\/analysissuccess\/","title":{"rendered":"Analysis Success"},"content":{"rendered":"\t\t<div data-elementor-type=\"wp-page\" data-elementor-id=\"128165\" class=\"elementor elementor-128165\" data-elementor-post-type=\"page\">\n\t\t\t\t\t\t<section class=\"elementor-section elementor-top-section elementor-element elementor-element-11404059 elementor-section-boxed elementor-section-height-default elementor-section-height-default\" data-id=\"11404059\" data-element_type=\"section\" data-e-type=\"section\">\n\t\t\t\t\t\t<div class=\"elementor-container elementor-column-gap-default\">\n\t\t\t\t\t<div class=\"elementor-column elementor-col-50 elementor-top-column elementor-element elementor-element-6979ae5d\" data-id=\"6979ae5d\" data-element_type=\"column\" data-e-type=\"column\">\n\t\t\t<div class=\"elementor-widget-wrap elementor-element-populated\">\n\t\t\t\t\t\t<div class=\"elementor-element elementor-element-68db02a4 elementor-widget elementor-widget-image\" data-id=\"68db02a4\" data-element_type=\"widget\" data-e-type=\"widget\" data-widget_type=\"image.default\">\n\t\t\t\t<div class=\"elementor-widget-container\">\n\t\t\t\t\t\t\t\t\t\t\t\t\t\t\t<img fetchpriority=\"high\" decoding=\"async\" width=\"385\" height=\"318\" src=\"https:\/\/scanlux-packaging.com\/de\/wp-content\/uploads\/sites\/6\/2022\/08\/Module-2-Interactive_Pic-nr-2.jpg\" class=\"attachment-large size-large wp-image-127206\" alt=\"Schwarze Boxen in den H\u00e4nden\" srcset=\"https:\/\/scanlux-packaging.com\/de\/wp-content\/uploads\/sites\/6\/2022\/08\/Module-2-Interactive_Pic-nr-2.jpg 385w, https:\/\/scanlux-packaging.com\/de\/wp-content\/uploads\/sites\/6\/2022\/08\/Module-2-Interactive_Pic-nr-2-300x248.jpg 300w, https:\/\/scanlux-packaging.com\/de\/wp-content\/uploads\/sites\/6\/2022\/08\/Module-2-Interactive_Pic-nr-2-103x85.jpg 103w, https:\/\/scanlux-packaging.com\/de\/wp-content\/uploads\/sites\/6\/2022\/08\/Module-2-Interactive_Pic-nr-2-20x17.jpg 20w\" sizes=\"(max-width: 385px) 100vw, 385px\" \/>\t\t\t\t\t\t\t\t\t\t\t\t\t\t\t<\/div>\n\t\t\t\t<\/div>\n\t\t\t\t\t<\/div>\n\t\t<\/div>\n\t\t\t\t<div class=\"elementor-column elementor-col-50 elementor-top-column elementor-element elementor-element-46dd6b27\" data-id=\"46dd6b27\" data-element_type=\"column\" data-e-type=\"column\">\n\t\t\t<div class=\"elementor-widget-wrap elementor-element-populated\">\n\t\t\t\t\t\t<div class=\"elementor-element elementor-element-7c969ecf elementor-widget elementor-widget-heading\" data-id=\"7c969ecf\" data-element_type=\"widget\" data-e-type=\"widget\" data-widget_type=\"heading.default\">\n\t\t\t\t<div class=\"elementor-widget-container\">\n\t\t\t\t\t<h1 class=\"elementor-heading-title elementor-size-default\">Danke f\u00fcr Ihre Anfrage<\/h1>\t\t\t\t<\/div>\n\t\t\t\t<\/div>\n\t\t\t\t<div class=\"elementor-element elementor-element-4e95f357 elementor-widget elementor-widget-text-editor\" data-id=\"4e95f357\" data-element_type=\"widget\" data-e-type=\"widget\" data-widget_type=\"text-editor.default\">\n\t\t\t\t<div class=\"elementor-widget-container\">\n\t\t\t\t\t\t\t\t\t<p>Wir beantworten Ihre Anfrage schnellstm\u00f6glich!<\/p>\t\t\t\t\t\t\t\t<\/div>\n\t\t\t\t<\/div>\n\t\t\t\t\t<\/div>\n\t\t<\/div>\n\t\t\t\t\t<\/div>\n\t\t<\/section>\n\t\t\t\t<section class=\"elementor-section elementor-top-section elementor-element elementor-element-2f1455c7 elementor-section-boxed elementor-section-height-default elementor-section-height-default\" data-id=\"2f1455c7\" data-element_type=\"section\" data-e-type=\"section\" data-settings=\"{&quot;background_background&quot;:&quot;classic&quot;}\">\n\t\t\t\t\t\t<div class=\"elementor-container elementor-column-gap-default\">\n\t\t\t\t\t<div class=\"elementor-column elementor-col-100 elementor-top-column elementor-element elementor-element-3e80daca\" data-id=\"3e80daca\" data-element_type=\"column\" data-e-type=\"column\">\n\t\t\t<div class=\"elementor-widget-wrap elementor-element-populated\">\n\t\t\t\t\t\t<div class=\"elementor-element elementor-element-2712f1ee elementor-widget elementor-widget-archive\" data-id=\"2712f1ee\" data-element_type=\"widget\" data-e-type=\"widget\" data-widget_type=\"archive.default\">\n\t\t\t\t<div class=\"elementor-widget-container\">\n\t\t\t\t\t        <div class=\"archive-container\">\r\n                    <div class=\"archive-title-wrapper\">\r\n                <h2 class=\"archive-title\">Lesen Sie mehr in unserem Artikelarchiv<\/h2>\r\n            <\/div>\r\n                                            <div class=\"archive-filter-wrapper\" at-start>\r\n                            <div id=\"left-arrow\">\r\n                                <a href=\"javascript:void(0);\" class=\"left-arrow-btn\">\r\n                                    <img decoding=\"async\" src=\"https:\/\/scanlux-packaging.com\/de\/wp-content\/themes\/elementor-scanlux\/assets\/widgets\/images\/arrow_right.svg\">\r\n                                <\/a>\r\n                            <\/div>\r\n                            <div class=\"archive-filters\" style=\"touch-action: pan-y;\">\r\n                                <div class=\"scroll-container\">\r\n                                <button data-banner='1' class='btn-scanlux archive-filter-btn active' data-type='post' data-taxonomy='category' data-slug='all'>All categories<\/button>                                <\/div>\r\n                            <\/div>\r\n                            <div id=\"right-arrow\">\r\n                                <a href=\"javascript:void(0);\" class=\"right-arrow-btn\">\r\n                                    <img decoding=\"async\" src=\"https:\/\/scanlux-packaging.com\/de\/wp-content\/themes\/elementor-scanlux\/assets\/widgets\/images\/arrow_right.svg\">\r\n                                <\/a>\r\n                            <\/div>\r\n                        <\/div>\r\n                                <div class=\"archive-content-wrapper solid\">\r\n            <div class=\"archive-content\">\r\n                                    <div class=\"archive-row row g-0\">\r\n                                     <div class=\"archive-ad col-12 col-md-12 col-lg-3\">\r\n                                        <div class=\"archive-post-col col-12\">\r\n                                            \r\n                                        <\/div>\r\n                                    <\/div>\r\n                                        <div class=\"archive-posts col-12 col-md-12 col-lg-9\">\r\n                                            <div class=\"archive-post-row row g-0\">\r\n                            <div class=\"archive-post-col col-12 col-md-4 col-lg-4\">\r\n                                <div class=\"archive-post-container\">\r\n                                    <div class=\"archive-post-image-wrapper\"><a href=\"https:\/\/scanlux-packaging.com\/de\/ecodesign-und-verpackung-wir-halten-sie-auf-dem-laufenden\/\"><img decoding=\"async\" width=\"505\" height=\"627\" src=\"https:\/\/scanlux-packaging.com\/de\/wp-content\/uploads\/sites\/6\/2025\/01\/Genbrugs-pose-feat-img.jpg\" class=\"attachment-large size-large wp-post-image\" alt=\"wiederverwendbare Tragetasche\" \/><a><\/div>\r\n                                    <div class=\"archive-post-content-wrapper\">\r\n                                        <div class=\"archive-post-title\">Ecodesign und Verpackung - Wir halten Sie auf dem Laufenden<\/div>\r\n                                        <a href=\"https:\/\/scanlux-packaging.com\/de\/ecodesign-und-verpackung-wir-halten-sie-auf-dem-laufenden\/\" class=\"btn-scanlux-flat right-arrow\"><span>Weiterlesen<\/span><\/a>\r\n                                    <\/div>\r\n                                <\/div>\r\n                            <\/div>\r\n                            <div class=\"archive-post-col col-12 col-md-4 col-lg-4\">\r\n                                <div class=\"archive-post-container\">\r\n                                    <div class=\"archive-post-image-wrapper\"><a href=\"https:\/\/scanlux-packaging.com\/de\/verpackungstrends-2025\/\"><img decoding=\"async\" width=\"505\" height=\"627\" src=\"https:\/\/scanlux-packaging.com\/de\/wp-content\/uploads\/sites\/6\/2024\/11\/Emballagetrends-2025-featured-image-505x627px.jpg\" class=\"attachment-large size-large wp-post-image\" alt=\"Scanlux Packaging Verpackungstrends 2025 closeup\" \/><a><\/div>\r\n                                    <div class=\"archive-post-content-wrapper\">\r\n                                        <div class=\"archive-post-title\">Verpackungstrends 2025<\/div>\r\n                                        <a href=\"https:\/\/scanlux-packaging.com\/de\/verpackungstrends-2025\/\" class=\"btn-scanlux-flat right-arrow\"><span>Weiterlesen<\/span><\/a>\r\n                                    <\/div>\r\n                                <\/div>\r\n                            <\/div>\r\n                            <div class=\"archive-post-col col-12 col-md-4 col-lg-4\">\r\n                                <div class=\"archive-post-container\">\r\n                                    <div class=\"archive-post-image-wrapper\"><a href=\"https:\/\/scanlux-packaging.com\/de\/esg-bei-scanlux-packaging\/\"><img loading=\"lazy\" decoding=\"async\" width=\"505\" height=\"649\" src=\"https:\/\/scanlux-packaging.com\/de\/wp-content\/uploads\/sites\/6\/2024\/03\/Xenia-foran-Scanlux.jpg\" class=\"attachment-large size-large wp-post-image\" alt=\"ESG manager in front of Scanlux Packaging headquarters\" \/><a><\/div>\r\n                                    <div class=\"archive-post-content-wrapper\">\r\n                                        <div class=\"archive-post-title\">ESG bei Scanlux Packaging<\/div>\r\n                                        <a href=\"https:\/\/scanlux-packaging.com\/de\/esg-bei-scanlux-packaging\/\" class=\"btn-scanlux-flat right-arrow\"><span>Weiterlesen<\/span><\/a>\r\n                                    <\/div>\r\n                                <\/div>\r\n                            <\/div>\r\n                            <div class=\"archive-post-col col-12 col-md-4 col-lg-4\">\r\n                                <div class=\"archive-post-container\">\r\n                                    <div class=\"archive-post-image-wrapper\"><a href=\"https:\/\/scanlux-packaging.com\/de\/e-commerce-verpackungen-fuer-schmuck\/\"><img loading=\"lazy\" decoding=\"async\" width=\"505\" height=\"627\" src=\"https:\/\/scanlux-packaging.com\/de\/wp-content\/uploads\/sites\/6\/2023\/09\/KARAAT-rund-box-i-aflang-box-505x627-1.jpg\" class=\"attachment-large size-large wp-post-image\" alt=\"KARAAT Runde Schmuckschatulle in l\u00e4nglicher Box\" \/><a><\/div>\r\n                                    <div class=\"archive-post-content-wrapper\">\r\n                                        <div class=\"archive-post-title\">E-Commerce-Verpackungen f\u00fcr Schmuck<\/div>\r\n                                        <a href=\"https:\/\/scanlux-packaging.com\/de\/e-commerce-verpackungen-fuer-schmuck\/\" class=\"btn-scanlux-flat right-arrow\"><span>Weiterlesen<\/span><\/a>\r\n                                    <\/div>\r\n                                <\/div>\r\n                            <\/div>\r\n                            <div class=\"archive-post-col col-12 col-md-4 col-lg-4\">\r\n                                <div class=\"archive-post-container\">\r\n                                    <div class=\"archive-post-image-wrapper\"><a href=\"https:\/\/scanlux-packaging.com\/de\/flaph-mutige-verpackung-fue-kompromisslose-mode\/\"><img loading=\"lazy\" decoding=\"async\" width=\"505\" height=\"627\" src=\"https:\/\/scanlux-packaging.com\/de\/wp-content\/uploads\/sites\/6\/2023\/04\/featured-image-FLAPH.jpg\" class=\"attachment-large size-large wp-post-image\" alt=\"Versandt\u00fcte mit Klappe und Batik-T-Shirt\" srcset=\"https:\/\/scanlux-packaging.com\/de\/wp-content\/uploads\/sites\/6\/2023\/04\/featured-image-FLAPH.jpg 505w, https:\/\/scanlux-packaging.com\/de\/wp-content\/uploads\/sites\/6\/2023\/04\/featured-image-FLAPH-242x300.jpg 242w, https:\/\/scanlux-packaging.com\/de\/wp-content\/uploads\/sites\/6\/2023\/04\/featured-image-FLAPH-103x128.jpg 103w, https:\/\/scanlux-packaging.com\/de\/wp-content\/uploads\/sites\/6\/2023\/04\/featured-image-FLAPH-500x621.jpg 500w\" sizes=\"(max-width: 505px) 100vw, 505px\" \/><a><\/div>\r\n                                    <div class=\"archive-post-content-wrapper\">\r\n                                        <div class=\"archive-post-title\">Flaph - mutige Verpackung f\u00fcr kompromisslose Mode<\/div>\r\n                                        <a href=\"https:\/\/scanlux-packaging.com\/de\/flaph-mutige-verpackung-fue-kompromisslose-mode\/\" class=\"btn-scanlux-flat right-arrow\"><span>Weiterlesen<\/span><\/a>\r\n                                    <\/div>\r\n                                <\/div>\r\n                            <\/div>\r\n                            <div class=\"archive-post-col col-12 col-md-4 col-lg-4\">\r\n                                <div class=\"archive-post-container\">\r\n                                    <div class=\"archive-post-image-wrapper\"><a href=\"https:\/\/scanlux-packaging.com\/de\/hoyer-wurde-von-der-verpackungsverantwortung-entbunden\/\"><img loading=\"lazy\" decoding=\"async\" width=\"505\" height=\"627\" src=\"https:\/\/scanlux-packaging.com\/de\/wp-content\/uploads\/sites\/6\/2022\/08\/Hoyer_Lux-paperbag-closeup-505x627-1.jpg\" class=\"attachment-large size-large wp-post-image\" alt=\"H\u00f8yer verpackung\" \/><a><\/div>\r\n                                    <div class=\"archive-post-content-wrapper\">\r\n                                        <div class=\"archive-post-title\">H\u00f8yer wurde von der Verpackungsverantwortung entbunden<\/div>\r\n                                        <a href=\"https:\/\/scanlux-packaging.com\/de\/hoyer-wurde-von-der-verpackungsverantwortung-entbunden\/\" class=\"btn-scanlux-flat right-arrow\"><span>Weiterlesen<\/span><\/a>\r\n                                    <\/div>\r\n                                <\/div>\r\n                            <\/div><\/div><\/div><\/div>\r\n                                    <div class=\"archive-row reverse row g-0\">\r\n                                     <div class=\"archive-ad col-12 col-md-12 col-lg-3\">\r\n                                        <div class=\"archive-post-col col-12\">\r\n                                            \r\n                                        <\/div>\r\n                                    <\/div>\r\n                                        <div class=\"archive-posts col-12 col-md-12 col-lg-9\">\r\n                                            <div class=\"archive-post-row row g-0\">\r\n                            <div class=\"archive-post-col col-12 col-md-4 col-lg-4\">\r\n                                <div class=\"archive-post-container\">\r\n                                    <div class=\"archive-post-image-wrapper\"><a href=\"https:\/\/scanlux-packaging.com\/de\/e-commerce-verpackungen-was-funktioniert-und-was-nicht\/\"><img loading=\"lazy\" decoding=\"async\" width=\"600\" height=\"600\" src=\"https:\/\/scanlux-packaging.com\/de\/wp-content\/uploads\/sites\/6\/2022\/07\/9-virksomheders-webemballage.jpg\" class=\"attachment-large size-large wp-post-image\" alt=\"Umfrage zur Webverpackung\" srcset=\"https:\/\/scanlux-packaging.com\/de\/wp-content\/uploads\/sites\/6\/2022\/07\/9-virksomheders-webemballage.jpg 600w, https:\/\/scanlux-packaging.com\/de\/wp-content\/uploads\/sites\/6\/2022\/07\/9-virksomheders-webemballage-300x300.jpg 300w, https:\/\/scanlux-packaging.com\/de\/wp-content\/uploads\/sites\/6\/2022\/07\/9-virksomheders-webemballage-150x150.jpg 150w, https:\/\/scanlux-packaging.com\/de\/wp-content\/uploads\/sites\/6\/2022\/07\/9-virksomheders-webemballage-103x103.jpg 103w, https:\/\/scanlux-packaging.com\/de\/wp-content\/uploads\/sites\/6\/2022\/07\/9-virksomheders-webemballage-147x147.jpg 147w, https:\/\/scanlux-packaging.com\/de\/wp-content\/uploads\/sites\/6\/2022\/07\/9-virksomheders-webemballage-20x20.jpg 20w, https:\/\/scanlux-packaging.com\/de\/wp-content\/uploads\/sites\/6\/2022\/07\/9-virksomheders-webemballage-500x500.jpg 500w, https:\/\/scanlux-packaging.com\/de\/wp-content\/uploads\/sites\/6\/2022\/07\/9-virksomheders-webemballage-100x100.jpg 100w\" sizes=\"(max-width: 600px) 100vw, 600px\" \/><a><\/div>\r\n                                    <div class=\"archive-post-content-wrapper\">\r\n                                        <div class=\"archive-post-title\">E-Commerce-Verpackungen \u2013 was funktioniert und was nicht?<\/div>\r\n                                        <a href=\"https:\/\/scanlux-packaging.com\/de\/e-commerce-verpackungen-was-funktioniert-und-was-nicht\/\" class=\"btn-scanlux-flat right-arrow\"><span>Weiterlesen<\/span><\/a>\r\n                                    <\/div>\r\n                                <\/div>\r\n                            <\/div>\r\n                            <div class=\"archive-post-col col-12 col-md-4 col-lg-4\">\r\n                                <div class=\"archive-post-container\">\r\n                                    <div class=\"archive-post-image-wrapper\"><a href=\"https:\/\/scanlux-packaging.com\/de\/paptic-nachhaltige-papierverpackung-mit-den-vorteilen-von-kunststoff\/\"><img loading=\"lazy\" decoding=\"async\" width=\"383\" height=\"477\" src=\"https:\/\/scanlux-packaging.com\/de\/wp-content\/uploads\/sites\/6\/2024\/05\/Crosslink-Paptic.jpg\" class=\"attachment-large size-large wp-post-image\" alt=\"Paptikt\u00fcten\" \/><a><\/div>\r\n                                    <div class=\"archive-post-content-wrapper\">\r\n                                        <div class=\"archive-post-title\">Paptic \u2013 Papierverpackung mit den Vorteilen von Kunststoff<\/div>\r\n                                        <a href=\"https:\/\/scanlux-packaging.com\/de\/paptic-nachhaltige-papierverpackung-mit-den-vorteilen-von-kunststoff\/\" class=\"btn-scanlux-flat right-arrow\"><span>Weiterlesen<\/span><\/a>\r\n                                    <\/div>\r\n                                <\/div>\r\n                            <\/div>\r\n                            <div class=\"archive-post-col col-12 col-md-4 col-lg-4\">\r\n                                <div class=\"archive-post-container\">\r\n                                    <div class=\"archive-post-image-wrapper\"><a href=\"https:\/\/scanlux-packaging.com\/de\/nutzen-sie-ihre-verpackung-als-marketinginstrument\/\"><img loading=\"lazy\" decoding=\"async\" width=\"800\" height=\"203\" src=\"https:\/\/scanlux-packaging.com\/de\/wp-content\/uploads\/sites\/6\/2022\/06\/Range-ogf-branded-packaging-header.jpg\" class=\"attachment-large size-large wp-post-image\" alt=\"Verpackung als wichtiger Bestandteil Ihrer Marketingstrategie\" \/><a><\/div>\r\n                                    <div class=\"archive-post-content-wrapper\">\r\n                                        <div class=\"archive-post-title\">Nutzen Sie Ihre Verpackung als Marketinginstrument<\/div>\r\n                                        <a href=\"https:\/\/scanlux-packaging.com\/de\/nutzen-sie-ihre-verpackung-als-marketinginstrument\/\" class=\"btn-scanlux-flat right-arrow\"><span>Weiterlesen<\/span><\/a>\r\n                                    <\/div>\r\n                                <\/div>\r\n                            <\/div>\r\n                            <div class=\"archive-post-col col-12 col-md-4 col-lg-4\">\r\n                                <div class=\"archive-post-container\">\r\n                                    <div class=\"archive-post-image-wrapper\"><a href=\"https:\/\/scanlux-packaging.com\/de\/5-besondere-verpackungsdesigns-die-den-empfaenger-ueberraschen\/\"><img loading=\"lazy\" decoding=\"async\" width=\"800\" height=\"203\" src=\"https:\/\/scanlux-packaging.com\/de\/wp-content\/uploads\/sites\/6\/2022\/04\/Jewelry-boxes-Header-1024x260.jpg\" class=\"attachment-large size-large wp-post-image\" alt=\"Schmuckschatullen, die \u00fcberraschen\" srcset=\"https:\/\/scanlux-packaging.com\/de\/wp-content\/uploads\/sites\/6\/2022\/04\/Jewelry-boxes-Header-1024x260.jpg 1024w, https:\/\/scanlux-packaging.com\/de\/wp-content\/uploads\/sites\/6\/2022\/04\/Jewelry-boxes-Header-300x76.jpg 300w, https:\/\/scanlux-packaging.com\/de\/wp-content\/uploads\/sites\/6\/2022\/04\/Jewelry-boxes-Header-768x195.jpg 768w, https:\/\/scanlux-packaging.com\/de\/wp-content\/uploads\/sites\/6\/2022\/04\/Jewelry-boxes-Header-103x26.jpg 103w, https:\/\/scanlux-packaging.com\/de\/wp-content\/uploads\/sites\/6\/2022\/04\/Jewelry-boxes-Header-500x127.jpg 500w, https:\/\/scanlux-packaging.com\/de\/wp-content\/uploads\/sites\/6\/2022\/04\/Jewelry-boxes-Header-700x178.jpg 700w, https:\/\/scanlux-packaging.com\/de\/wp-content\/uploads\/sites\/6\/2022\/04\/Jewelry-boxes-Header.jpg 1260w\" sizes=\"(max-width: 800px) 100vw, 800px\" \/><a><\/div>\r\n                                    <div class=\"archive-post-content-wrapper\">\r\n                                        <div class=\"archive-post-title\">5 besondere verpackungsdesigns die den empf\u00e4nger \u00fcberraschen<\/div>\r\n                                        <a href=\"https:\/\/scanlux-packaging.com\/de\/5-besondere-verpackungsdesigns-die-den-empfaenger-ueberraschen\/\" class=\"btn-scanlux-flat right-arrow\"><span>Weiterlesen<\/span><\/a>\r\n                                    <\/div>\r\n                                <\/div>\r\n                            <\/div>\r\n                            <div class=\"archive-post-col col-12 col-md-4 col-lg-4\">\r\n                                <div class=\"archive-post-container\">\r\n                                    <div class=\"archive-post-image-wrapper\"><a href=\"https:\/\/scanlux-packaging.com\/de\/7-dinge-die-sie-bei-der-wahl-der-verpackung-beachten-sollten-guide\/\"><img loading=\"lazy\" decoding=\"async\" width=\"800\" height=\"400\" src=\"https:\/\/scanlux-packaging.com\/de\/wp-content\/uploads\/sites\/6\/2022\/01\/Brandlab_Mixed_BlackWhite_2021_uden-NK-1024x512.jpg\" class=\"attachment-large size-large wp-post-image\" alt=\"Beispiele f\u00fcr Markenverpackungen\" srcset=\"https:\/\/scanlux-packaging.com\/de\/wp-content\/uploads\/sites\/6\/2022\/01\/Brandlab_Mixed_BlackWhite_2021_uden-NK-1024x512.jpg 1024w, https:\/\/scanlux-packaging.com\/de\/wp-content\/uploads\/sites\/6\/2022\/01\/Brandlab_Mixed_BlackWhite_2021_uden-NK-300x150.jpg 300w, https:\/\/scanlux-packaging.com\/de\/wp-content\/uploads\/sites\/6\/2022\/01\/Brandlab_Mixed_BlackWhite_2021_uden-NK-768x384.jpg 768w, https:\/\/scanlux-packaging.com\/de\/wp-content\/uploads\/sites\/6\/2022\/01\/Brandlab_Mixed_BlackWhite_2021_uden-NK-103x52.jpg 103w, https:\/\/scanlux-packaging.com\/de\/wp-content\/uploads\/sites\/6\/2022\/01\/Brandlab_Mixed_BlackWhite_2021_uden-NK-20x10.jpg 20w, https:\/\/scanlux-packaging.com\/de\/wp-content\/uploads\/sites\/6\/2022\/01\/Brandlab_Mixed_BlackWhite_2021_uden-NK-500x250.jpg 500w, https:\/\/scanlux-packaging.com\/de\/wp-content\/uploads\/sites\/6\/2022\/01\/Brandlab_Mixed_BlackWhite_2021_uden-NK-700x350.jpg 700w, https:\/\/scanlux-packaging.com\/de\/wp-content\/uploads\/sites\/6\/2022\/01\/Brandlab_Mixed_BlackWhite_2021_uden-NK.jpg 1170w\" sizes=\"(max-width: 800px) 100vw, 800px\" \/><a><\/div>\r\n                                    <div class=\"archive-post-content-wrapper\">\r\n                                        <div class=\"archive-post-title\">7 Dinge, die Sie bei der Wahl der Verpackung beachten sollten [GUIDE]<\/div>\r\n                                        <a href=\"https:\/\/scanlux-packaging.com\/de\/7-dinge-die-sie-bei-der-wahl-der-verpackung-beachten-sollten-guide\/\" class=\"btn-scanlux-flat right-arrow\"><span>Weiterlesen<\/span><\/a>\r\n                                    <\/div>\r\n                                <\/div>\r\n                            <\/div>\r\n                            <div class=\"archive-post-col col-12 col-md-4 col-lg-4\">\r\n                                <div class=\"archive-post-container\">\r\n                                    <div class=\"archive-post-image-wrapper\"><a href=\"https:\/\/scanlux-packaging.com\/de\/die-rolle-der-verpackung-in-der-omnichannel-welt\/\"><img loading=\"lazy\" decoding=\"async\" width=\"800\" height=\"203\" src=\"https:\/\/scanlux-packaging.com\/de\/wp-content\/uploads\/sites\/6\/2021\/10\/Packaging-in-omnichannel-strategy-1260x320-1.jpg\" class=\"attachment-large size-large wp-post-image\" alt=\"Omnichannel Illustration\" \/><a><\/div>\r\n                                    <div class=\"archive-post-content-wrapper\">\r\n                                        <div class=\"archive-post-title\">Die Rolle der Verpackung in der Omnichannel-Welt<\/div>\r\n                                        <a href=\"https:\/\/scanlux-packaging.com\/de\/die-rolle-der-verpackung-in-der-omnichannel-welt\/\" class=\"btn-scanlux-flat right-arrow\"><span>Weiterlesen<\/span><\/a>\r\n                                    <\/div>\r\n                                <\/div>\r\n                            <\/div><\/div><\/div><\/div>\r\n                                    <div class=\"archive-row row g-0\">\r\n                                     <div class=\"archive-ad col-12 col-md-12 col-lg-3\">\r\n                                        <div class=\"archive-post-col col-12\">\r\n                                            \r\n                                        <\/div>\r\n                                    <\/div>\r\n                                        <div class=\"archive-posts col-12 col-md-12 col-lg-9\">\r\n                                            <div class=\"archive-post-row row g-0\">\r\n                            <div class=\"archive-post-col col-12 col-md-4 col-lg-4\">\r\n                                <div class=\"archive-post-container\">\r\n                                    <div class=\"archive-post-image-wrapper\"><a href=\"https:\/\/scanlux-packaging.com\/de\/warum-sie-von-der-braunen-pappschachtel-zur-verpackung-mit-brand-erlebnis-wechseln-sollten\/\"><img loading=\"lazy\" decoding=\"async\" width=\"800\" height=\"400\" src=\"https:\/\/scanlux-packaging.com\/de\/wp-content\/uploads\/sites\/6\/2022\/08\/featured_Mixed_webshop-1024x512.jpg\" class=\"attachment-large size-large wp-post-image\" alt=\"Gemischte Markenverpackung\" srcset=\"https:\/\/scanlux-packaging.com\/de\/wp-content\/uploads\/sites\/6\/2022\/08\/featured_Mixed_webshop-1024x512.jpg 1024w, https:\/\/scanlux-packaging.com\/de\/wp-content\/uploads\/sites\/6\/2022\/08\/featured_Mixed_webshop-300x150.jpg 300w, https:\/\/scanlux-packaging.com\/de\/wp-content\/uploads\/sites\/6\/2022\/08\/featured_Mixed_webshop-768x384.jpg 768w, https:\/\/scanlux-packaging.com\/de\/wp-content\/uploads\/sites\/6\/2022\/08\/featured_Mixed_webshop-103x52.jpg 103w, https:\/\/scanlux-packaging.com\/de\/wp-content\/uploads\/sites\/6\/2022\/08\/featured_Mixed_webshop-20x10.jpg 20w, https:\/\/scanlux-packaging.com\/de\/wp-content\/uploads\/sites\/6\/2022\/08\/featured_Mixed_webshop-500x250.jpg 500w, https:\/\/scanlux-packaging.com\/de\/wp-content\/uploads\/sites\/6\/2022\/08\/featured_Mixed_webshop-700x350.jpg 700w, https:\/\/scanlux-packaging.com\/de\/wp-content\/uploads\/sites\/6\/2022\/08\/featured_Mixed_webshop.jpg 1170w\" sizes=\"(max-width: 800px) 100vw, 800px\" \/><a><\/div>\r\n                                    <div class=\"archive-post-content-wrapper\">\r\n                                        <div class=\"archive-post-title\">Warum Sie von der braunen Pappschachtel zur Verpackung mit Brand-Erlebnis wechseln sollten<\/div>\r\n                                        <a href=\"https:\/\/scanlux-packaging.com\/de\/warum-sie-von-der-braunen-pappschachtel-zur-verpackung-mit-brand-erlebnis-wechseln-sollten\/\" class=\"btn-scanlux-flat right-arrow\"><span>Weiterlesen<\/span><\/a>\r\n                                    <\/div>\r\n                                <\/div>\r\n                            <\/div>\r\n                            <div class=\"archive-post-col col-12 col-md-4 col-lg-4\">\r\n                                <div class=\"archive-post-container\">\r\n                                    <div class=\"archive-post-image-wrapper\"><a href=\"https:\/\/scanlux-packaging.com\/de\/generation-y-und-z-moechten-nachhaltige-verpackungen\/\"><img loading=\"lazy\" decoding=\"async\" width=\"468\" height=\"585\" src=\"https:\/\/scanlux-packaging.com\/de\/wp-content\/uploads\/sites\/6\/site\/\/2\/X-og-Y-vil-have-baeredygtig-emballage_www-1.jpg\" class=\"attachment-large size-large wp-post-image\" alt=\"Generation X und Y\" srcset=\"https:\/\/scanlux-packaging.com\/de\/wp-content\/uploads\/sites\/6\/site\/\/2\/X-og-Y-vil-have-baeredygtig-emballage_www-1.jpg 468w, https:\/\/scanlux-packaging.com\/de\/wp-content\/uploads\/sites\/6\/site\/\/2\/X-og-Y-vil-have-baeredygtig-emballage_www-1-240x300.jpg 240w, https:\/\/scanlux-packaging.com\/de\/wp-content\/uploads\/sites\/6\/site\/\/2\/X-og-Y-vil-have-baeredygtig-emballage_www-1-103x129.jpg 103w\" sizes=\"(max-width: 468px) 100vw, 468px\" \/><a><\/div>\r\n                                    <div class=\"archive-post-content-wrapper\">\r\n                                        <div class=\"archive-post-title\">Generation Y und Z m\u00f6chten nachhaltige Verpackungen<\/div>\r\n                                        <a href=\"https:\/\/scanlux-packaging.com\/de\/generation-y-und-z-moechten-nachhaltige-verpackungen\/\" class=\"btn-scanlux-flat right-arrow\"><span>Weiterlesen<\/span><\/a>\r\n                                    <\/div>\r\n                                <\/div>\r\n                            <\/div>\r\n                            <div class=\"archive-post-col col-12 col-md-4 col-lg-4\">\r\n                                <div class=\"archive-post-container\">\r\n                                    <div class=\"archive-post-image-wrapper\"><a href=\"https:\/\/scanlux-packaging.com\/de\/warum-schenken-wir-uns-gegenseitig-etwas-und-verpacken-es\/\"><img loading=\"lazy\" decoding=\"async\" width=\"800\" height=\"400\" src=\"https:\/\/scanlux-packaging.com\/de\/wp-content\/uploads\/sites\/6\/2021\/06\/Hvorfor-giver-vi-gaver-til-hinanden03-1024x512.jpg\" class=\"attachment-large size-large wp-post-image\" alt=\"Warum schenken wir uns etwas?\" srcset=\"https:\/\/scanlux-packaging.com\/de\/wp-content\/uploads\/sites\/6\/2021\/06\/Hvorfor-giver-vi-gaver-til-hinanden03-1024x512.jpg 1024w, https:\/\/scanlux-packaging.com\/de\/wp-content\/uploads\/sites\/6\/2021\/06\/Hvorfor-giver-vi-gaver-til-hinanden03-300x150.jpg 300w, https:\/\/scanlux-packaging.com\/de\/wp-content\/uploads\/sites\/6\/2021\/06\/Hvorfor-giver-vi-gaver-til-hinanden03-768x384.jpg 768w, https:\/\/scanlux-packaging.com\/de\/wp-content\/uploads\/sites\/6\/2021\/06\/Hvorfor-giver-vi-gaver-til-hinanden03-103x52.jpg 103w, https:\/\/scanlux-packaging.com\/de\/wp-content\/uploads\/sites\/6\/2021\/06\/Hvorfor-giver-vi-gaver-til-hinanden03-20x10.jpg 20w, https:\/\/scanlux-packaging.com\/de\/wp-content\/uploads\/sites\/6\/2021\/06\/Hvorfor-giver-vi-gaver-til-hinanden03-500x250.jpg 500w, https:\/\/scanlux-packaging.com\/de\/wp-content\/uploads\/sites\/6\/2021\/06\/Hvorfor-giver-vi-gaver-til-hinanden03-700x350.jpg 700w, https:\/\/scanlux-packaging.com\/de\/wp-content\/uploads\/sites\/6\/2021\/06\/Hvorfor-giver-vi-gaver-til-hinanden03.jpg 1170w\" sizes=\"(max-width: 800px) 100vw, 800px\" \/><a><\/div>\r\n                                    <div class=\"archive-post-content-wrapper\">\r\n                                        <div class=\"archive-post-title\">Warum schenken wir uns gegenseitig etwas und verpacken es?<\/div>\r\n                                        <a href=\"https:\/\/scanlux-packaging.com\/de\/warum-schenken-wir-uns-gegenseitig-etwas-und-verpacken-es\/\" class=\"btn-scanlux-flat right-arrow\"><span>Weiterlesen<\/span><\/a>\r\n                                    <\/div>\r\n                                <\/div>\r\n                            <\/div>\r\n                            <div class=\"archive-post-col col-12 col-md-4 col-lg-4\">\r\n                                <div class=\"archive-post-container\">\r\n                                    <div class=\"archive-post-image-wrapper\"><a href=\"https:\/\/scanlux-packaging.com\/de\/in-3-schritten-zu-einer-gelungenen-verpackungsstrategie\/\"><img loading=\"lazy\" decoding=\"async\" width=\"585\" height=\"585\" src=\"https:\/\/scanlux-packaging.com\/de\/wp-content\/uploads\/sites\/6\/2021\/06\/Strategy_featured-image.jpg\" class=\"attachment-large size-large wp-post-image\" alt=\"Verpackungsstrategie\" srcset=\"https:\/\/scanlux-packaging.com\/de\/wp-content\/uploads\/sites\/6\/2021\/06\/Strategy_featured-image.jpg 585w, https:\/\/scanlux-packaging.com\/de\/wp-content\/uploads\/sites\/6\/2021\/06\/Strategy_featured-image-300x300.jpg 300w, https:\/\/scanlux-packaging.com\/de\/wp-content\/uploads\/sites\/6\/2021\/06\/Strategy_featured-image-150x150.jpg 150w, https:\/\/scanlux-packaging.com\/de\/wp-content\/uploads\/sites\/6\/2021\/06\/Strategy_featured-image-103x103.jpg 103w, https:\/\/scanlux-packaging.com\/de\/wp-content\/uploads\/sites\/6\/2021\/06\/Strategy_featured-image-147x147.jpg 147w, https:\/\/scanlux-packaging.com\/de\/wp-content\/uploads\/sites\/6\/2021\/06\/Strategy_featured-image-20x20.jpg 20w, https:\/\/scanlux-packaging.com\/de\/wp-content\/uploads\/sites\/6\/2021\/06\/Strategy_featured-image-500x500.jpg 500w, https:\/\/scanlux-packaging.com\/de\/wp-content\/uploads\/sites\/6\/2021\/06\/Strategy_featured-image-100x100.jpg 100w\" sizes=\"(max-width: 585px) 100vw, 585px\" \/><a><\/div>\r\n                                    <div class=\"archive-post-content-wrapper\">\r\n                                        <div class=\"archive-post-title\">In 3 Schritten zu einer gelungenen Verpackungsstrategie<\/div>\r\n                                        <a href=\"https:\/\/scanlux-packaging.com\/de\/in-3-schritten-zu-einer-gelungenen-verpackungsstrategie\/\" class=\"btn-scanlux-flat right-arrow\"><span>Weiterlesen<\/span><\/a>\r\n                                    <\/div>\r\n                                <\/div>\r\n                            <\/div>\r\n                            <div class=\"archive-post-col col-12 col-md-4 col-lg-4\">\r\n                                <div class=\"archive-post-container\">\r\n                                    <div class=\"archive-post-image-wrapper\"><a href=\"https:\/\/scanlux-packaging.com\/de\/eine-umfassende-verpackungsloesung-zum-nutzen-von-wirtschaft-und-umwelt\/\"><img loading=\"lazy\" decoding=\"async\" width=\"800\" height=\"450\" src=\"https:\/\/scanlux-packaging.com\/de\/wp-content\/uploads\/sites\/6\/2021\/01\/Floyd-shipping-bag-is-carried.jpg\" class=\"attachment-large size-large wp-post-image\" alt=\"Floyd-Versandt\u00fcten werden von Hand getragen\" \/><a><\/div>\r\n                                    <div class=\"archive-post-content-wrapper\">\r\n                                        <div class=\"archive-post-title\">Eine umfassende Verpackungsl\u00f6sung zum Nutzen von Wirtschaft und Umwelt<\/div>\r\n                                        <a href=\"https:\/\/scanlux-packaging.com\/de\/eine-umfassende-verpackungsloesung-zum-nutzen-von-wirtschaft-und-umwelt\/\" class=\"btn-scanlux-flat right-arrow\"><span>Weiterlesen<\/span><\/a>\r\n                                    <\/div>\r\n                                <\/div>\r\n                            <\/div>\r\n                            <div class=\"archive-post-col col-12 col-md-4 col-lg-4\">\r\n                                <div class=\"archive-post-container\">\r\n                                    <div class=\"archive-post-image-wrapper\"><a href=\"https:\/\/scanlux-packaging.com\/de\/versandtaschen-mit-umweltfokus\/\"><img loading=\"lazy\" decoding=\"async\" width=\"468\" height=\"585\" src=\"https:\/\/scanlux-packaging.com\/de\/wp-content\/uploads\/sites\/6\/2021\/01\/BliVakker-forsendelsesposer.jpg\" class=\"attachment-large size-large wp-post-image\" alt=\"BliVakker-forsendelsesposer\" \/><a><\/div>\r\n                                    <div class=\"archive-post-content-wrapper\">\r\n                                        <div class=\"archive-post-title\">Versandtaschen mit Umweltfokus<\/div>\r\n                                        <a href=\"https:\/\/scanlux-packaging.com\/de\/versandtaschen-mit-umweltfokus\/\" class=\"btn-scanlux-flat right-arrow\"><span>Weiterlesen<\/span><\/a>\r\n                                    <\/div>\r\n                                <\/div>\r\n                            <\/div><\/div><\/div><\/div><\/div><div class=\"archive-load-more\">\r\n                        <button id=\"archive-more-btn\" class=\"btn-scanlux btn-chalky-white\" data-next=\"0\" data-type=\"post\" data-tax=\"\" data-filter=\"\" data-bannerpage=\"4\" data-banner=\"1\">Weitere Beitr\u00e4ge<\/button>\r\n                    <\/div>            <\/div>\r\n        <\/div>\r\n        \t\t\t\t<\/div>\n\t\t\t\t<\/div>\n\t\t\t\t\t<\/div>\n\t\t<\/div>\n\t\t\t\t\t<\/div>\n\t\t<\/section>\n\t\t\t\t<\/div>\n\t\t","protected":false},"excerpt":{"rendered":"<p>Danke f\u00fcr Ihre Anfrage Wir beantworten Ihre Anfrage schnellstm\u00f6glich! Lesen Sie mehr in unserem Artikelarchiv All categories Weihnachten steht vor der T\u00fcr Weiterlesen Masai \u2013 Ein gr\u00fcnes Profil mit nachhaltiger Verpackung Weiterlesen H\u00f8yer hat die Verpackungsaufgaben abgegeben um Arbeitsprozesse effektiver zu gestalten Weiterlesen Wir haben die E-Commerce-Verpackungen von 9 Unternehmen untersucht \u2013 was funktioniert, was [&hellip;]<\/p>\n","protected":false},"author":51793,"featured_media":0,"parent":128292,"menu_order":0,"comment_status":"closed","ping_status":"closed","template":"","meta":{"_acf_changed":false,"_relevanssi_hide_post":"","_relevanssi_hide_content":"","_relevanssi_pin_for_all":"","_relevanssi_pin_keywords":"","_relevanssi_unpin_keywords":"","_relevanssi_related_keywords":"","_relevanssi_related_include_ids":"","_relevanssi_related_exclude_ids":"","_relevanssi_related_no_append":"","_relevanssi_related_not_related":"","_relevanssi_related_posts":"","_relevanssi_noindex_reason":"","footnotes":""},"class_list":["post-128165","page","type-page","status-publish","hentry"],"acf":[],"yoast_head":"<!-- This site is optimized with the Yoast SEO Premium plugin v27.4 (Yoast SEO v27.4) - https:\/\/yoast.com\/product\/yoast-seo-premium-wordpress\/ -->\n<title>Analysis Success | Scanlux Packaging<\/title>\n<meta name=\"robots\" content=\"index, follow, max-snippet:-1, max-image-preview:large, max-video-preview:-1\" \/>\n<link rel=\"canonical\" href=\"https:\/\/scanlux-packaging.com\/de\/warum-sollten-sie-sich-fuer-scanlux-verpackungen-entscheiden\/design-audit-eine-analyse-ihrer-verpackung\/analysissuccess\/\" \/>\n<meta property=\"og:locale\" content=\"de_DE\" \/>\n<meta property=\"og:type\" content=\"article\" \/>\n<meta property=\"og:title\" content=\"Analysis Success\" \/>\n<meta property=\"og:description\" content=\"Danke f\u00fcr Ihre Anfrage Wir beantworten Ihre Anfrage schnellstm\u00f6glich! Lesen Sie mehr in unserem Artikelarchiv All categories Weihnachten steht vor der T\u00fcr Weiterlesen Masai \u2013 Ein gr\u00fcnes Profil mit nachhaltiger Verpackung Weiterlesen H\u00f8yer hat die Verpackungsaufgaben abgegeben um Arbeitsprozesse effektiver zu gestalten Weiterlesen Wir haben die E-Commerce-Verpackungen von 9 Unternehmen untersucht \u2013 was funktioniert, was [&hellip;]\" \/>\n<meta property=\"og:url\" content=\"https:\/\/scanlux-packaging.com\/de\/warum-sollten-sie-sich-fuer-scanlux-verpackungen-entscheiden\/design-audit-eine-analyse-ihrer-verpackung\/analysissuccess\/\" \/>\n<meta property=\"og:site_name\" content=\"Scanlux Packaging\" \/>\n<meta property=\"article:publisher\" content=\"https:\/\/facebook.com\/scanlux\" \/>\n<meta property=\"article:modified_time\" content=\"2024-08-16T07:27:21+00:00\" \/>\n<meta property=\"og:image\" content=\"https:\/\/scanlux-packaging.com\/de\/wp-content\/uploads\/sites\/6\/2022\/08\/Module-2-Interactive_Pic-nr-2.jpg\" \/>\n<meta name=\"twitter:card\" content=\"summary_large_image\" \/>\n<meta name=\"twitter:label1\" content=\"Gesch\u00e4tzte Lesezeit\" \/>\n\t<meta name=\"twitter:data1\" content=\"6\u00a0Minuten\" \/>\n<script type=\"application\/ld+json\" class=\"yoast-schema-graph\">{\"@context\":\"https:\\\/\\\/schema.org\",\"@graph\":[{\"@type\":\"WebPage\",\"@id\":\"https:\\\/\\\/scanlux-packaging.com\\\/de\\\/warum-sollten-sie-sich-fuer-scanlux-verpackungen-entscheiden\\\/design-audit-eine-analyse-ihrer-verpackung\\\/analysissuccess\\\/\",\"url\":\"https:\\\/\\\/scanlux-packaging.com\\\/de\\\/warum-sollten-sie-sich-fuer-scanlux-verpackungen-entscheiden\\\/design-audit-eine-analyse-ihrer-verpackung\\\/analysissuccess\\\/\",\"name\":\"Analysis Success | Scanlux Packaging\",\"isPartOf\":{\"@id\":\"https:\\\/\\\/scanlux-packaging.com\\\/de\\\/#website\"},\"primaryImageOfPage\":{\"@id\":\"https:\\\/\\\/scanlux-packaging.com\\\/de\\\/warum-sollten-sie-sich-fuer-scanlux-verpackungen-entscheiden\\\/design-audit-eine-analyse-ihrer-verpackung\\\/analysissuccess\\\/#primaryimage\"},\"image\":{\"@id\":\"https:\\\/\\\/scanlux-packaging.com\\\/de\\\/warum-sollten-sie-sich-fuer-scanlux-verpackungen-entscheiden\\\/design-audit-eine-analyse-ihrer-verpackung\\\/analysissuccess\\\/#primaryimage\"},\"thumbnailUrl\":\"https:\\\/\\\/scanlux-packaging.com\\\/de\\\/wp-content\\\/uploads\\\/sites\\\/6\\\/2022\\\/08\\\/Module-2-Interactive_Pic-nr-2.jpg\",\"datePublished\":\"2022-08-30T08:18:53+00:00\",\"dateModified\":\"2024-08-16T07:27:21+00:00\",\"breadcrumb\":{\"@id\":\"https:\\\/\\\/scanlux-packaging.com\\\/de\\\/warum-sollten-sie-sich-fuer-scanlux-verpackungen-entscheiden\\\/design-audit-eine-analyse-ihrer-verpackung\\\/analysissuccess\\\/#breadcrumb\"},\"inLanguage\":\"de\",\"potentialAction\":[{\"@type\":\"ReadAction\",\"target\":[\"https:\\\/\\\/scanlux-packaging.com\\\/de\\\/warum-sollten-sie-sich-fuer-scanlux-verpackungen-entscheiden\\\/design-audit-eine-analyse-ihrer-verpackung\\\/analysissuccess\\\/\"]}]},{\"@type\":\"ImageObject\",\"inLanguage\":\"de\",\"@id\":\"https:\\\/\\\/scanlux-packaging.com\\\/de\\\/warum-sollten-sie-sich-fuer-scanlux-verpackungen-entscheiden\\\/design-audit-eine-analyse-ihrer-verpackung\\\/analysissuccess\\\/#primaryimage\",\"url\":\"https:\\\/\\\/scanlux-packaging.com\\\/de\\\/wp-content\\\/uploads\\\/sites\\\/6\\\/2022\\\/08\\\/Module-2-Interactive_Pic-nr-2.jpg\",\"contentUrl\":\"https:\\\/\\\/scanlux-packaging.com\\\/de\\\/wp-content\\\/uploads\\\/sites\\\/6\\\/2022\\\/08\\\/Module-2-Interactive_Pic-nr-2.jpg\",\"width\":385,\"height\":318,\"caption\":\"Schwarze Boxen in den H\u00e4nden\"},{\"@type\":\"BreadcrumbList\",\"@id\":\"https:\\\/\\\/scanlux-packaging.com\\\/de\\\/warum-sollten-sie-sich-fuer-scanlux-verpackungen-entscheiden\\\/design-audit-eine-analyse-ihrer-verpackung\\\/analysissuccess\\\/#breadcrumb\",\"itemListElement\":[{\"@type\":\"ListItem\",\"position\":1,\"name\":\"Hjem\",\"item\":\"https:\\\/\\\/scanlux-packaging.com\\\/de\\\/\"},{\"@type\":\"ListItem\",\"position\":2,\"name\":\"Warum sollten Sie sich f\u00fcr Scanlux Packaging entscheiden?\",\"item\":\"https:\\\/\\\/scanlux-packaging.com\\\/de\\\/warum-sollten-sie-sich-fuer-scanlux-verpackungen-entscheiden\\\/\"},{\"@type\":\"ListItem\",\"position\":3,\"name\":\"Design Audit \u2013 eine Analyse Ihrer Verpackung\",\"item\":\"https:\\\/\\\/scanlux-packaging.com\\\/de\\\/warum-sollten-sie-sich-fuer-scanlux-verpackungen-entscheiden\\\/design-audit-eine-analyse-ihrer-verpackung\\\/\"},{\"@type\":\"ListItem\",\"position\":4,\"name\":\"Analysis Success\"}]},{\"@type\":\"WebSite\",\"@id\":\"https:\\\/\\\/scanlux-packaging.com\\\/de\\\/#website\",\"url\":\"https:\\\/\\\/scanlux-packaging.com\\\/de\\\/\",\"name\":\"Scanlux Packaging\",\"description\":\"Wir entwerfen Verpackung f\u00fcr Ihr Gesch\u00e4ft und Ihren Webshop | Schaffen Sie mehr Umsatz und eine gr\u00f6\u00dfere Kundentreue mit innovativer und nachhaltiger Verpackung.\",\"publisher\":{\"@id\":\"https:\\\/\\\/scanlux-packaging.com\\\/de\\\/#organization\"},\"potentialAction\":[{\"@type\":\"SearchAction\",\"target\":{\"@type\":\"EntryPoint\",\"urlTemplate\":\"https:\\\/\\\/scanlux-packaging.com\\\/de\\\/?s={search_term_string}\"},\"query-input\":{\"@type\":\"PropertyValueSpecification\",\"valueRequired\":true,\"valueName\":\"search_term_string\"}}],\"inLanguage\":\"de\"},{\"@type\":\"Organization\",\"@id\":\"https:\\\/\\\/scanlux-packaging.com\\\/de\\\/#organization\",\"name\":\"Scanlux Packaging\",\"url\":\"https:\\\/\\\/scanlux-packaging.com\\\/de\\\/\",\"logo\":{\"@type\":\"ImageObject\",\"inLanguage\":\"de\",\"@id\":\"https:\\\/\\\/scanlux-packaging.com\\\/de\\\/#\\\/schema\\\/logo\\\/image\\\/\",\"url\":\"https:\\\/\\\/scanlux-packaging.com\\\/de\\\/wp-content\\\/uploads\\\/sites\\\/6\\\/2015\\\/03\\\/SCANLUX_Logo_Blue.png\",\"contentUrl\":\"https:\\\/\\\/scanlux-packaging.com\\\/de\\\/wp-content\\\/uploads\\\/sites\\\/6\\\/2015\\\/03\\\/SCANLUX_Logo_Blue.png\",\"width\":165,\"height\":39,\"caption\":\"Scanlux Packaging\"},\"image\":{\"@id\":\"https:\\\/\\\/scanlux-packaging.com\\\/de\\\/#\\\/schema\\\/logo\\\/image\\\/\"},\"sameAs\":[\"https:\\\/\\\/facebook.com\\\/scanlux\"]}]}<\/script>\n<!-- \/ Yoast SEO Premium plugin. -->","yoast_head_json":{"title":"Analysis Success | Scanlux Packaging","robots":{"index":"index","follow":"follow","max-snippet":"max-snippet:-1","max-image-preview":"max-image-preview:large","max-video-preview":"max-video-preview:-1"},"canonical":"https:\/\/scanlux-packaging.com\/de\/warum-sollten-sie-sich-fuer-scanlux-verpackungen-entscheiden\/design-audit-eine-analyse-ihrer-verpackung\/analysissuccess\/","og_locale":"de_DE","og_type":"article","og_title":"Analysis Success","og_description":"Danke f\u00fcr Ihre Anfrage Wir beantworten Ihre Anfrage schnellstm\u00f6glich! Lesen Sie mehr in unserem Artikelarchiv All categories Weihnachten steht vor der T\u00fcr Weiterlesen Masai \u2013 Ein gr\u00fcnes Profil mit nachhaltiger Verpackung Weiterlesen H\u00f8yer hat die Verpackungsaufgaben abgegeben um Arbeitsprozesse effektiver zu gestalten Weiterlesen Wir haben die E-Commerce-Verpackungen von 9 Unternehmen untersucht \u2013 was funktioniert, was [&hellip;]","og_url":"https:\/\/scanlux-packaging.com\/de\/warum-sollten-sie-sich-fuer-scanlux-verpackungen-entscheiden\/design-audit-eine-analyse-ihrer-verpackung\/analysissuccess\/","og_site_name":"Scanlux Packaging","article_publisher":"https:\/\/facebook.com\/scanlux","article_modified_time":"2024-08-16T07:27:21+00:00","og_image":[{"url":"https:\/\/scanlux-packaging.com\/de\/wp-content\/uploads\/sites\/6\/2022\/08\/Module-2-Interactive_Pic-nr-2.jpg","type":"","width":"","height":""}],"twitter_card":"summary_large_image","twitter_misc":{"Gesch\u00e4tzte Lesezeit":"6\u00a0Minuten"},"schema":{"@context":"https:\/\/schema.org","@graph":[{"@type":"WebPage","@id":"https:\/\/scanlux-packaging.com\/de\/warum-sollten-sie-sich-fuer-scanlux-verpackungen-entscheiden\/design-audit-eine-analyse-ihrer-verpackung\/analysissuccess\/","url":"https:\/\/scanlux-packaging.com\/de\/warum-sollten-sie-sich-fuer-scanlux-verpackungen-entscheiden\/design-audit-eine-analyse-ihrer-verpackung\/analysissuccess\/","name":"Analysis Success | Scanlux Packaging","isPartOf":{"@id":"https:\/\/scanlux-packaging.com\/de\/#website"},"primaryImageOfPage":{"@id":"https:\/\/scanlux-packaging.com\/de\/warum-sollten-sie-sich-fuer-scanlux-verpackungen-entscheiden\/design-audit-eine-analyse-ihrer-verpackung\/analysissuccess\/#primaryimage"},"image":{"@id":"https:\/\/scanlux-packaging.com\/de\/warum-sollten-sie-sich-fuer-scanlux-verpackungen-entscheiden\/design-audit-eine-analyse-ihrer-verpackung\/analysissuccess\/#primaryimage"},"thumbnailUrl":"https:\/\/scanlux-packaging.com\/de\/wp-content\/uploads\/sites\/6\/2022\/08\/Module-2-Interactive_Pic-nr-2.jpg","datePublished":"2022-08-30T08:18:53+00:00","dateModified":"2024-08-16T07:27:21+00:00","breadcrumb":{"@id":"https:\/\/scanlux-packaging.com\/de\/warum-sollten-sie-sich-fuer-scanlux-verpackungen-entscheiden\/design-audit-eine-analyse-ihrer-verpackung\/analysissuccess\/#breadcrumb"},"inLanguage":"de","potentialAction":[{"@type":"ReadAction","target":["https:\/\/scanlux-packaging.com\/de\/warum-sollten-sie-sich-fuer-scanlux-verpackungen-entscheiden\/design-audit-eine-analyse-ihrer-verpackung\/analysissuccess\/"]}]},{"@type":"ImageObject","inLanguage":"de","@id":"https:\/\/scanlux-packaging.com\/de\/warum-sollten-sie-sich-fuer-scanlux-verpackungen-entscheiden\/design-audit-eine-analyse-ihrer-verpackung\/analysissuccess\/#primaryimage","url":"https:\/\/scanlux-packaging.com\/de\/wp-content\/uploads\/sites\/6\/2022\/08\/Module-2-Interactive_Pic-nr-2.jpg","contentUrl":"https:\/\/scanlux-packaging.com\/de\/wp-content\/uploads\/sites\/6\/2022\/08\/Module-2-Interactive_Pic-nr-2.jpg","width":385,"height":318,"caption":"Schwarze Boxen in den H\u00e4nden"},{"@type":"BreadcrumbList","@id":"https:\/\/scanlux-packaging.com\/de\/warum-sollten-sie-sich-fuer-scanlux-verpackungen-entscheiden\/design-audit-eine-analyse-ihrer-verpackung\/analysissuccess\/#breadcrumb","itemListElement":[{"@type":"ListItem","position":1,"name":"Hjem","item":"https:\/\/scanlux-packaging.com\/de\/"},{"@type":"ListItem","position":2,"name":"Warum sollten Sie sich f\u00fcr Scanlux Packaging entscheiden?","item":"https:\/\/scanlux-packaging.com\/de\/warum-sollten-sie-sich-fuer-scanlux-verpackungen-entscheiden\/"},{"@type":"ListItem","position":3,"name":"Design Audit \u2013 eine Analyse Ihrer Verpackung","item":"https:\/\/scanlux-packaging.com\/de\/warum-sollten-sie-sich-fuer-scanlux-verpackungen-entscheiden\/design-audit-eine-analyse-ihrer-verpackung\/"},{"@type":"ListItem","position":4,"name":"Analysis Success"}]},{"@type":"WebSite","@id":"https:\/\/scanlux-packaging.com\/de\/#website","url":"https:\/\/scanlux-packaging.com\/de\/","name":"Scanlux Packaging","description":"Wir entwerfen Verpackung f\u00fcr Ihr Gesch\u00e4ft und Ihren Webshop | Schaffen Sie mehr Umsatz und eine gr\u00f6\u00dfere Kundentreue mit innovativer und nachhaltiger Verpackung.","publisher":{"@id":"https:\/\/scanlux-packaging.com\/de\/#organization"},"potentialAction":[{"@type":"SearchAction","target":{"@type":"EntryPoint","urlTemplate":"https:\/\/scanlux-packaging.com\/de\/?s={search_term_string}"},"query-input":{"@type":"PropertyValueSpecification","valueRequired":true,"valueName":"search_term_string"}}],"inLanguage":"de"},{"@type":"Organization","@id":"https:\/\/scanlux-packaging.com\/de\/#organization","name":"Scanlux Packaging","url":"https:\/\/scanlux-packaging.com\/de\/","logo":{"@type":"ImageObject","inLanguage":"de","@id":"https:\/\/scanlux-packaging.com\/de\/#\/schema\/logo\/image\/","url":"https:\/\/scanlux-packaging.com\/de\/wp-content\/uploads\/sites\/6\/2015\/03\/SCANLUX_Logo_Blue.png","contentUrl":"https:\/\/scanlux-packaging.com\/de\/wp-content\/uploads\/sites\/6\/2015\/03\/SCANLUX_Logo_Blue.png","width":165,"height":39,"caption":"Scanlux Packaging"},"image":{"@id":"https:\/\/scanlux-packaging.com\/de\/#\/schema\/logo\/image\/"},"sameAs":["https:\/\/facebook.com\/scanlux"]}]}},"_links":{"self":[{"href":"https:\/\/scanlux-packaging.com\/de\/wp-json\/wp\/v2\/pages\/128165","targetHints":{"allow":["GET"]}}],"collection":[{"href":"https:\/\/scanlux-packaging.com\/de\/wp-json\/wp\/v2\/pages"}],"about":[{"href":"https:\/\/scanlux-packaging.com\/de\/wp-json\/wp\/v2\/types\/page"}],"author":[{"embeddable":true,"href":"https:\/\/scanlux-packaging.com\/de\/wp-json\/wp\/v2\/users\/51793"}],"replies":[{"embeddable":true,"href":"https:\/\/scanlux-packaging.com\/de\/wp-json\/wp\/v2\/comments?post=128165"}],"version-history":[{"count":7,"href":"https:\/\/scanlux-packaging.com\/de\/wp-json\/wp\/v2\/pages\/128165\/revisions"}],"predecessor-version":[{"id":139288,"href":"https:\/\/scanlux-packaging.com\/de\/wp-json\/wp\/v2\/pages\/128165\/revisions\/139288"}],"up":[{"embeddable":true,"href":"https:\/\/scanlux-packaging.com\/de\/wp-json\/wp\/v2\/pages\/128292"}],"wp:attachment":[{"href":"https:\/\/scanlux-packaging.com\/de\/wp-json\/wp\/v2\/media?parent=128165"}],"curies":[{"name":"wp","href":"https:\/\/api.w.org\/{rel}","templated":true}]}}